{"id":30,"date":"2024-06-12T09:02:06","date_gmt":"2024-06-12T09:02:06","guid":{"rendered":"https:\/\/ferienwohnung-weimarerland.de\/?page_id=30"},"modified":"2025-11-10T22:52:33","modified_gmt":"2025-11-10T21:52:33","slug":"sportliches","status":"publish","type":"page","link":"https:\/\/ferienwohnung-weimarerland.de\/fr\/aktivitaten\/sportliches\/","title":{"rendered":"Sportliches"},"content":{"rendered":"<div data-elementor-type=\"wp-page\" data-elementor-id=\"30\" class=\"elementor elementor-30\" data-elementor-post-type=\"page\">\n\t\t\t\t<div class=\"elementor-element elementor-element-f7c7f78 e-flex e-con-boxed e-con e-parent\" data-id=\"f7c7f78\" data-element_type=\"container\" data-settings=\"{&quot;background_background&quot;:&quot;classic&quot;}\">\n\t\t\t\t\t<div class=\"e-con-inner\">\n\t\t\t\t<div class=\"elementor-element elementor-element-252a9a5 elementor-widget elementor-widget-heading\" data-id=\"252a9a5\" data-element_type=\"widget\" data-widget_type=\"heading.default\">\n\t\t\t\t<div class=\"elementor-widget-container\">\n\t\t\t\t\t<h1 class=\"elementor-heading-title elementor-size-default\">Sportliche Angebote in Bad Berka \/ Th\u00fcringen<\/h1>\t\t\t\t<\/div>\n\t\t\t\t<\/div>\n\t\t\t\t<div class=\"elementor-element elementor-element-1be9d88 elementor-widget elementor-widget-heading\" data-id=\"1be9d88\" data-element_type=\"widget\" data-widget_type=\"heading.default\">\n\t\t\t\t<div class=\"elementor-widget-container\">\n\t\t\t\t\t<h2 class=\"elementor-heading-title elementor-size-default\">Wander- und Radwege<\/h2>\t\t\t\t<\/div>\n\t\t\t\t<\/div>\n\t\t<div class=\"elementor-element elementor-element-6152c93 e-grid e-con-full e-con e-child\" data-id=\"6152c93\" data-element_type=\"container\">\n\t\t\t\t<div class=\"elementor-element elementor-element-f044f50 elementor-widget elementor-widget-toggle\" data-id=\"f044f50\" data-element_type=\"widget\" data-widget_type=\"toggle.default\">\n\t\t\t\t<div class=\"elementor-widget-container\">\n\t\t\t\t\t\t\t<div class=\"elementor-toggle\">\n\t\t\t\t\t\t\t<div class=\"elementor-toggle-item\">\n\t\t\t\t\t<div id=\"elementor-tab-title-2511\" class=\"elementor-tab-title\" data-tab=\"1\" role=\"button\" aria-controls=\"elementor-tab-content-2511\" aria-expanded=\"false\">\n\t\t\t\t\t\t\t\t\t\t\t\t<span class=\"elementor-toggle-icon elementor-toggle-icon-left\" aria-hidden=\"true\">\n\t\t\t\t\t\t\t\t\t\t\t\t\t\t\t<span class=\"elementor-toggle-icon-closed\"><svg class=\"e-font-icon-svg e-fas-caret-right\" viewbox=\"0 0 192 512\" xmlns=\"http:\/\/www.w3.org\/2000\/svg\"><path d=\"M0 384.662V127.338c0-17.818 21.543-26.741 34.142-14.142l128.662 128.662c7.81 7.81 7.81 20.474 0 28.284L34.142 398.804C21.543 411.404 0 402.48 0 384.662z\"><\/path><\/svg><\/span>\n\t\t\t\t\t\t\t\t<span class=\"elementor-toggle-icon-opened\"><svg class=\"elementor-toggle-icon-opened e-font-icon-svg e-fas-caret-up\" viewbox=\"0 0 320 512\" xmlns=\"http:\/\/www.w3.org\/2000\/svg\"><path d=\"M288.662 352H31.338c-17.818 0-26.741-21.543-14.142-34.142l128.662-128.662c7.81-7.81 20.474-7.81 28.284 0l128.662 128.662c12.6 12.599 3.676 34.142-14.142 34.142z\"><\/path><\/svg><\/span>\n\t\t\t\t\t\t\t\t\t\t\t\t\t<\/span>\n\t\t\t\t\t\t\t\t\t\t\t\t<a class=\"elementor-toggle-title\" tabindex=\"0\">Goethewanderweg<\/a>\n\t\t\t\t\t<\/div>\n\n\t\t\t\t\t<div id=\"elementor-tab-content-2511\" class=\"elementor-tab-content elementor-clearfix\" data-tab=\"1\" role=\"region\" aria-labelledby=\"elementor-tab-title-2511\"><p>Der 28 Kilometer lange Weg, der mit einem gro\u00dfen wei\u00dfen \u00bbG\u00ab auf gr\u00fcnem Untergrund gekennzeichnet wurde, f\u00fchrt von Weimar bzw. Kochberg aus durch Nadelw\u00e4lder, durch kleine D\u00f6rfer, vorbei an einladenden Ruheb\u00e4nken und Rastpl\u00e4tzen. Ganz gleich, ob Sie es nun als sportliche Herausforderung ansehen, es Goethe gleichzutun, oder ob Sie sich mehr Zeit nehmen und hier und da in Gasth\u00f6fe einkehren oder einen Abstecher in die umliegenden Orte unternehmen wollen \u2013 dem Reiz dieser Th\u00fcringer Landschaft werden Sie sich nicht entziehen k\u00f6nnen. Und den wusste auch schon Goethe zu sch\u00e4tzen.<br \/>Gro\u00dfe Panoramawanderung<\/p><p>18km rund um Bad Berka. Bad Berka \u2013 Tiefengruben \u2013 Bad Berka \u2013 Bergern \u2013 Hetschburg- Paulinenturm \u2013 Bad Berka.<\/p><\/div>\n\t\t\t\t<\/div>\n\t\t\t\t\t\t\t<div class=\"elementor-toggle-item\">\n\t\t\t\t\t<div id=\"elementor-tab-title-2512\" class=\"elementor-tab-title\" data-tab=\"2\" role=\"button\" aria-controls=\"elementor-tab-content-2512\" aria-expanded=\"false\">\n\t\t\t\t\t\t\t\t\t\t\t\t<span class=\"elementor-toggle-icon elementor-toggle-icon-left\" aria-hidden=\"true\">\n\t\t\t\t\t\t\t\t\t\t\t\t\t\t\t<span class=\"elementor-toggle-icon-closed\"><svg class=\"e-font-icon-svg e-fas-caret-right\" viewbox=\"0 0 192 512\" xmlns=\"http:\/\/www.w3.org\/2000\/svg\"><path d=\"M0 384.662V127.338c0-17.818 21.543-26.741 34.142-14.142l128.662 128.662c7.81 7.81 7.81 20.474 0 28.284L34.142 398.804C21.543 411.404 0 402.48 0 384.662z\"><\/path><\/svg><\/span>\n\t\t\t\t\t\t\t\t<span class=\"elementor-toggle-icon-opened\"><svg class=\"elementor-toggle-icon-opened e-font-icon-svg e-fas-caret-up\" viewbox=\"0 0 320 512\" xmlns=\"http:\/\/www.w3.org\/2000\/svg\"><path d=\"M288.662 352H31.338c-17.818 0-26.741-21.543-14.142-34.142l128.662-128.662c7.81-7.81 20.474-7.81 28.284 0l128.662 128.662c12.6 12.599 3.676 34.142-14.142 34.142z\"><\/path><\/svg><\/span>\n\t\t\t\t\t\t\t\t\t\t\t\t\t<\/span>\n\t\t\t\t\t\t\t\t\t\t\t\t<a class=\"elementor-toggle-title\" tabindex=\"0\">T\u00f6pferweg<\/a>\n\t\t\t\t\t<\/div>\n\n\t\t\t\t\t<div id=\"elementor-tab-content-2512\" class=\"elementor-tab-content elementor-clearfix\" data-tab=\"2\" role=\"region\" aria-labelledby=\"elementor-tab-title-2512\"><p>4,9 km Bad Berka \u2013 Buchfahrt.<\/p><\/div>\n\t\t\t\t<\/div>\n\t\t\t\t\t\t\t<div class=\"elementor-toggle-item\">\n\t\t\t\t\t<div id=\"elementor-tab-title-2513\" class=\"elementor-tab-title\" data-tab=\"3\" role=\"button\" aria-controls=\"elementor-tab-content-2513\" aria-expanded=\"false\">\n\t\t\t\t\t\t\t\t\t\t\t\t<span class=\"elementor-toggle-icon elementor-toggle-icon-left\" aria-hidden=\"true\">\n\t\t\t\t\t\t\t\t\t\t\t\t\t\t\t<span class=\"elementor-toggle-icon-closed\"><svg class=\"e-font-icon-svg e-fas-caret-right\" viewbox=\"0 0 192 512\" xmlns=\"http:\/\/www.w3.org\/2000\/svg\"><path d=\"M0 384.662V127.338c0-17.818 21.543-26.741 34.142-14.142l128.662 128.662c7.81 7.81 7.81 20.474 0 28.284L34.142 398.804C21.543 411.404 0 402.48 0 384.662z\"><\/path><\/svg><\/span>\n\t\t\t\t\t\t\t\t<span class=\"elementor-toggle-icon-opened\"><svg class=\"elementor-toggle-icon-opened e-font-icon-svg e-fas-caret-up\" viewbox=\"0 0 320 512\" xmlns=\"http:\/\/www.w3.org\/2000\/svg\"><path d=\"M288.662 352H31.338c-17.818 0-26.741-21.543-14.142-34.142l128.662-128.662c7.81-7.81 20.474-7.81 28.284 0l128.662 128.662c12.6 12.599 3.676 34.142-14.142 34.142z\"><\/path><\/svg><\/span>\n\t\t\t\t\t\t\t\t\t\t\t\t\t<\/span>\n\t\t\t\t\t\t\t\t\t\t\t\t<a class=\"elementor-toggle-title\" tabindex=\"0\">Harthweg<\/a>\n\t\t\t\t\t<\/div>\n\n\t\t\t\t\t<div id=\"elementor-tab-content-2513\" class=\"elementor-tab-content elementor-clearfix\" data-tab=\"3\" role=\"region\" aria-labelledby=\"elementor-tab-title-2513\"><p>10,1 km Bad Berka \u2013 Kranichfeld<\/p><\/div>\n\t\t\t\t<\/div>\n\t\t\t\t\t\t\t<div class=\"elementor-toggle-item\">\n\t\t\t\t\t<div id=\"elementor-tab-title-2514\" class=\"elementor-tab-title\" data-tab=\"4\" role=\"button\" aria-controls=\"elementor-tab-content-2514\" aria-expanded=\"false\">\n\t\t\t\t\t\t\t\t\t\t\t\t<span class=\"elementor-toggle-icon elementor-toggle-icon-left\" aria-hidden=\"true\">\n\t\t\t\t\t\t\t\t\t\t\t\t\t\t\t<span class=\"elementor-toggle-icon-closed\"><svg class=\"e-font-icon-svg e-fas-caret-right\" viewbox=\"0 0 192 512\" xmlns=\"http:\/\/www.w3.org\/2000\/svg\"><path d=\"M0 384.662V127.338c0-17.818 21.543-26.741 34.142-14.142l128.662 128.662c7.81 7.81 7.81 20.474 0 28.284L34.142 398.804C21.543 411.404 0 402.48 0 384.662z\"><\/path><\/svg><\/span>\n\t\t\t\t\t\t\t\t<span class=\"elementor-toggle-icon-opened\"><svg class=\"elementor-toggle-icon-opened e-font-icon-svg e-fas-caret-up\" viewbox=\"0 0 320 512\" xmlns=\"http:\/\/www.w3.org\/2000\/svg\"><path d=\"M288.662 352H31.338c-17.818 0-26.741-21.543-14.142-34.142l128.662-128.662c7.81-7.81 20.474-7.81 28.284 0l128.662 128.662c12.6 12.599 3.676 34.142-14.142 34.142z\"><\/path><\/svg><\/span>\n\t\t\t\t\t\t\t\t\t\t\t\t\t<\/span>\n\t\t\t\t\t\t\t\t\t\t\t\t<a class=\"elementor-toggle-title\" tabindex=\"0\">Trebeweg<\/a>\n\t\t\t\t\t<\/div>\n\n\t\t\t\t\t<div id=\"elementor-tab-content-2514\" class=\"elementor-tab-content elementor-clearfix\" data-tab=\"4\" role=\"region\" aria-labelledby=\"elementor-tab-title-2514\"><p>13,1 km Bad Berka \u2013 Kranichfeld<\/p><\/div>\n\t\t\t\t<\/div>\n\t\t\t\t\t\t\t<div class=\"elementor-toggle-item\">\n\t\t\t\t\t<div id=\"elementor-tab-title-2515\" class=\"elementor-tab-title\" data-tab=\"5\" role=\"button\" aria-controls=\"elementor-tab-content-2515\" aria-expanded=\"false\">\n\t\t\t\t\t\t\t\t\t\t\t\t<span class=\"elementor-toggle-icon elementor-toggle-icon-left\" aria-hidden=\"true\">\n\t\t\t\t\t\t\t\t\t\t\t\t\t\t\t<span class=\"elementor-toggle-icon-closed\"><svg class=\"e-font-icon-svg e-fas-caret-right\" viewbox=\"0 0 192 512\" xmlns=\"http:\/\/www.w3.org\/2000\/svg\"><path d=\"M0 384.662V127.338c0-17.818 21.543-26.741 34.142-14.142l128.662 128.662c7.81 7.81 7.81 20.474 0 28.284L34.142 398.804C21.543 411.404 0 402.48 0 384.662z\"><\/path><\/svg><\/span>\n\t\t\t\t\t\t\t\t<span class=\"elementor-toggle-icon-opened\"><svg class=\"elementor-toggle-icon-opened e-font-icon-svg e-fas-caret-up\" viewbox=\"0 0 320 512\" xmlns=\"http:\/\/www.w3.org\/2000\/svg\"><path d=\"M288.662 352H31.338c-17.818 0-26.741-21.543-14.142-34.142l128.662-128.662c7.81-7.81 20.474-7.81 28.284 0l128.662 128.662c12.6 12.599 3.676 34.142-14.142 34.142z\"><\/path><\/svg><\/span>\n\t\t\t\t\t\t\t\t\t\t\t\t\t<\/span>\n\t\t\t\t\t\t\t\t\t\t\t\t<a class=\"elementor-toggle-title\" tabindex=\"0\">Wanderweg Martinskirche<\/a>\n\t\t\t\t\t<\/div>\n\n\t\t\t\t\t<div id=\"elementor-tab-content-2515\" class=\"elementor-tab-content elementor-clearfix\" data-tab=\"5\" role=\"region\" aria-labelledby=\"elementor-tab-title-2515\"><p>7 km Bad Berka \u2013 Martinskirche \u2013 Hetschburg \u2013 Bad Berka<\/p><\/div>\n\t\t\t\t<\/div>\n\t\t\t\t\t\t\t<div class=\"elementor-toggle-item\">\n\t\t\t\t\t<div id=\"elementor-tab-title-2516\" class=\"elementor-tab-title\" data-tab=\"6\" role=\"button\" aria-controls=\"elementor-tab-content-2516\" aria-expanded=\"false\">\n\t\t\t\t\t\t\t\t\t\t\t\t<span class=\"elementor-toggle-icon elementor-toggle-icon-left\" aria-hidden=\"true\">\n\t\t\t\t\t\t\t\t\t\t\t\t\t\t\t<span class=\"elementor-toggle-icon-closed\"><svg class=\"e-font-icon-svg e-fas-caret-right\" viewbox=\"0 0 192 512\" xmlns=\"http:\/\/www.w3.org\/2000\/svg\"><path d=\"M0 384.662V127.338c0-17.818 21.543-26.741 34.142-14.142l128.662 128.662c7.81 7.81 7.81 20.474 0 28.284L34.142 398.804C21.543 411.404 0 402.48 0 384.662z\"><\/path><\/svg><\/span>\n\t\t\t\t\t\t\t\t<span class=\"elementor-toggle-icon-opened\"><svg class=\"elementor-toggle-icon-opened e-font-icon-svg e-fas-caret-up\" viewbox=\"0 0 320 512\" xmlns=\"http:\/\/www.w3.org\/2000\/svg\"><path d=\"M288.662 352H31.338c-17.818 0-26.741-21.543-14.142-34.142l128.662-128.662c7.81-7.81 20.474-7.81 28.284 0l128.662 128.662c12.6 12.599 3.676 34.142-14.142 34.142z\"><\/path><\/svg><\/span>\n\t\t\t\t\t\t\t\t\t\t\t\t\t<\/span>\n\t\t\t\t\t\t\t\t\t\t\t\t<a class=\"elementor-toggle-title\" tabindex=\"0\">Wanderweg Hirschruf<\/a>\n\t\t\t\t\t<\/div>\n\n\t\t\t\t\t<div id=\"elementor-tab-content-2516\" class=\"elementor-tab-content elementor-clearfix\" data-tab=\"6\" role=\"region\" aria-labelledby=\"elementor-tab-title-2516\"><p>8,4\/9,6 km Bad Berka \u2013 Hirschrufh\u00fctte \u2013 Bad Berka<\/p><\/div>\n\t\t\t\t<\/div>\n\t\t\t\t\t\t\t<div class=\"elementor-toggle-item\">\n\t\t\t\t\t<div id=\"elementor-tab-title-2517\" class=\"elementor-tab-title\" data-tab=\"7\" role=\"button\" aria-controls=\"elementor-tab-content-2517\" aria-expanded=\"false\">\n\t\t\t\t\t\t\t\t\t\t\t\t<span class=\"elementor-toggle-icon elementor-toggle-icon-left\" aria-hidden=\"true\">\n\t\t\t\t\t\t\t\t\t\t\t\t\t\t\t<span class=\"elementor-toggle-icon-closed\"><svg class=\"e-font-icon-svg e-fas-caret-right\" viewbox=\"0 0 192 512\" xmlns=\"http:\/\/www.w3.org\/2000\/svg\"><path d=\"M0 384.662V127.338c0-17.818 21.543-26.741 34.142-14.142l128.662 128.662c7.81 7.81 7.81 20.474 0 28.284L34.142 398.804C21.543 411.404 0 402.48 0 384.662z\"><\/path><\/svg><\/span>\n\t\t\t\t\t\t\t\t<span class=\"elementor-toggle-icon-opened\"><svg class=\"elementor-toggle-icon-opened e-font-icon-svg e-fas-caret-up\" viewbox=\"0 0 320 512\" xmlns=\"http:\/\/www.w3.org\/2000\/svg\"><path d=\"M288.662 352H31.338c-17.818 0-26.741-21.543-14.142-34.142l128.662-128.662c7.81-7.81 20.474-7.81 28.284 0l128.662 128.662c12.6 12.599 3.676 34.142-14.142 34.142z\"><\/path><\/svg><\/span>\n\t\t\t\t\t\t\t\t\t\t\t\t\t<\/span>\n\t\t\t\t\t\t\t\t\t\t\t\t<a class=\"elementor-toggle-title\" tabindex=\"0\">Wanderweg Alexanderplatz<\/a>\n\t\t\t\t\t<\/div>\n\n\t\t\t\t\t<div id=\"elementor-tab-content-2517\" class=\"elementor-tab-content elementor-clearfix\" data-tab=\"7\" role=\"region\" aria-labelledby=\"elementor-tab-title-2517\"><p>8 km Bad Berka \u2013 \u00fcber Heustielh\u00fctte \u2013 Alexanderplatz \u2013 Bad Berka<\/p><\/div>\n\t\t\t\t<\/div>\n\t\t\t\t\t\t\t\t<\/div>\n\t\t\t\t\t\t<\/div>\n\t\t\t\t<\/div>\n\t\t\t\t<div class=\"elementor-element elementor-element-d3eff74 elementor-widget elementor-widget-toggle\" data-id=\"d3eff74\" data-element_type=\"widget\" data-widget_type=\"toggle.default\">\n\t\t\t\t<div class=\"elementor-widget-container\">\n\t\t\t\t\t\t\t<div class=\"elementor-toggle\">\n\t\t\t\t\t\t\t<div class=\"elementor-toggle-item\">\n\t\t\t\t\t<div id=\"elementor-tab-title-2221\" class=\"elementor-tab-title\" data-tab=\"1\" role=\"button\" aria-controls=\"elementor-tab-content-2221\" aria-expanded=\"false\">\n\t\t\t\t\t\t\t\t\t\t\t\t<span class=\"elementor-toggle-icon elementor-toggle-icon-left\" aria-hidden=\"true\">\n\t\t\t\t\t\t\t\t\t\t\t\t\t\t\t<span class=\"elementor-toggle-icon-closed\"><svg class=\"e-font-icon-svg e-fas-caret-right\" viewbox=\"0 0 192 512\" xmlns=\"http:\/\/www.w3.org\/2000\/svg\"><path d=\"M0 384.662V127.338c0-17.818 21.543-26.741 34.142-14.142l128.662 128.662c7.81 7.81 7.81 20.474 0 28.284L34.142 398.804C21.543 411.404 0 402.48 0 384.662z\"><\/path><\/svg><\/span>\n\t\t\t\t\t\t\t\t<span class=\"elementor-toggle-icon-opened\"><svg class=\"elementor-toggle-icon-opened e-font-icon-svg e-fas-caret-up\" viewbox=\"0 0 320 512\" xmlns=\"http:\/\/www.w3.org\/2000\/svg\"><path d=\"M288.662 352H31.338c-17.818 0-26.741-21.543-14.142-34.142l128.662-128.662c7.81-7.81 20.474-7.81 28.284 0l128.662 128.662c12.6 12.599 3.676 34.142-14.142 34.142z\"><\/path><\/svg><\/span>\n\t\t\t\t\t\t\t\t\t\t\t\t\t<\/span>\n\t\t\t\t\t\t\t\t\t\t\t\t<a class=\"elementor-toggle-title\" tabindex=\"0\">Kneipp-Rundweg Bad Berka<\/a>\n\t\t\t\t\t<\/div>\n\n\t\t\t\t\t<div id=\"elementor-tab-content-2221\" class=\"elementor-tab-content elementor-clearfix\" data-tab=\"1\" role=\"region\" aria-labelledby=\"elementor-tab-title-2221\"><p>Ausgangspunkt der Wanderung ist die Kneipp-Anlage am Goethebrunnen mit Fu\u00dftret- und Armbecken sowie einem Barfu\u00dfpfad. Eine informative gro\u00dfe Tafel weist auf die 5 S\u00e4ulen der Kneipp\u2019schen Lehre hin. Unterwegs bieten weitere Tafeln vertiefendes Wissen und Aktionsm\u00f6glichkeiten zu den einzelnen S\u00e4ulen. Nun folgt man dem blauen Kneipp-Symbol auf wei\u00dfem Grund. Der Weg f\u00fchrt zur Parkstra\u00dfe, \u00fcberquert die B85 und m\u00fcndet auf der gegen\u00fcberliegenden Seite in die Trebestra\u00dfe. Vorbei geht es am Ilmparadies \u2013 einer Begegnungsst\u00e4tte f\u00fcr Kinder und Jugendliche. Am Ende des Grundst\u00fcckes besteht die M\u00f6glichkeit, den Kneipp-Rundweg nach links in Richtung Freibad zu beginnen oder zun\u00e4chst weiter geradeaus und dann rechts in Richtung Katholische Kirche. Unterhalb der Kirche schl\u00e4ngelt sich der Weg wildromantisch auf einem Pfad durch Mischwald. Am Ende l\u00e4dt eine Sitzbank zur ersten Rast. Weiter geht es links einen kurzen Anstieg hinauf. Dann m\u00fcndet der Kneipp-Rundweg rechts auf eine Waldstra\u00dfe und verl\u00e4uft ein St\u00fcck gleichzeitig mit dem Ilmradweg sowie weiteren \u00f6rtlichen Wander- und Nordic-Walking-Wegen. Nach einigen hundert Metern ist der Eingang des Dreiteichsgrundes erreicht. Auch hier bietet eine Schutzh\u00fctte mit Grillplatz die M\u00f6glichkeit zur Rast. (Eventuelle Grillfeste bitte unbedingt vorher beim zust\u00e4ndigen Revierf\u00f6rster anmelden). An den drei Teichen vorbei geht es nun weiter in Richtung Carl-Alexander-Platz. Schon zur Zeit der Badegr\u00fcndung 1813 war das Waldtal des Dammbachsgrundes ein bliebtes Wanderziel der Badeg\u00e4ste. Auch gro\u00dfe Trachtenfeste, Sommer- oder Waldfeste fanden dort statt. Der Name des Platzes erinnert an den Gro\u00dfherzog Carl Alexander von Sachsen-Weimar-Eisenach. Der steinerne Obelisk wurde 1878 zu Ehren des 25-j\u00e4hrigen Regierungsjubil\u00e4ums dieses Gro\u00dfherzogs errichtet. Nach dem Tod des Gro\u00dfherzogs Carl Friedrich von Sachsen-Weimar-Eisenach hatten die Berkaer 1853 bereits die in unmittelbarer N\u00e4he befindliche Waldquelle gefasst und sie in Dankbarkeit und Erinnerung Carl-Friedrich-Quelle genannt. In den 1920er und 30er Jahren r\u00fcckte das Waldgebiet sogar in den Blickpunkt der gesamtdeutschen Geschichte. 1924 forderten die in zahlreichen Verb\u00e4nden organisierten Kriegsteilnehmer des I. Weltkrieges die Schaffung eines Reichsehrenmales f\u00fcr die Gefallenen des Krieges 1914-1918. Neben zahlreichen namhaften Bewerberst\u00e4dten aus ganz Deutschland wurde auch das Waldgebiet zwischen Bad Berka, Blankenhain und Tannroda als Ehrenhaingel\u00e4nde vorgeschlagen. Mittelpunkt dieses Haines sollte der Carl-Alexander-Platz werden. Nach jahrelangen Diskussionen fasste am 27. M\u00e4rz 1931 die Reichsregierung einen Beschluss zu Gunsten von Bad Berka. Umgehend wurde zu einem Wettbewerb zur Gestaltung des Gel\u00e4ndes und zur Errichtung eines Ehrenmales aufgerufen. Angedacht waren breite Zufahrtswege aus allen vier Himmelrichtungen zu einem 5000 Besucher fassenden Platz. Ringsum sollten auf f\u00fcnf Terrassen Monumente zur Erinnerung an die Orte der Schlachten entstehen. Auch ein \u201eSee der Stille\u201c und ein Ehrenmal mit einer ewigen Flamme und Urnen mit \u201eheiliger Erde\u201c von allen Schlachtfeldern war vorgesehen. Architekten und K\u00fcnstler reichten 1828 Entw\u00fcrfe ein, 20 wurden ausgew\u00e4hlt und in Modellen in Bad Berka ausgestellt. Die Preisverleihung war von Anfang an umstritten. Drei der f\u00fcnf Frontk\u00e4mpferverb\u00e4nde waren mit der Auswahl nicht einverstanden und zogen ihre Zustimmung zur\u00fcck. Der inzwischen an die Macht gekommene Hitler hatte ohnehin andere Pl\u00e4ne. Er erkl\u00e4rte 1934 die bereits vorhandene Festung \u201eTannenberg\u201c im damaligen Ostpreu\u00dfen zum Reichsehrenmal. Damit waren die \u201ehochfliegenden Pl\u00e4ne\u201c erledigt und die sch\u00f6ne Waldlandschaft blieb erhalten.<\/p><p>Das 2009 er\u00f6ffnete Naturkneippbecken auf dem Carl-Alexander-Platz ist bei vielen Wanderern und Radlern beliebt. Gespeist wird es von der Carl-Friedrich\u2013Quelle. Nach einer Rast und Erfrischung f\u00fchrt der Weg weiter durch den Dammbachsgrund \u2013 vorbei an Fischteichen und verschiedenen Tafeln mit Informationen \u00fcber die 5 S\u00e4ulen der Kneipp\u2019schen Gesundheitslehre. Am Ende des Tales trifft man auf eine Waldh\u00fctte und eine weitere beliebte Quelle. Beide tragen den Namen des Schutzpatrons der J\u00e4ger, des heiligen Hubertus. Bereits ca. 400 m weiter, etwas zur\u00fcckgesetzt, befindet sich die n\u00e4chste Quelle. Sie wurde 1994 gemeinsam von Sch\u00fclern der F\u00f6rderschule f\u00fcr Sehbehinderte und Blinde in Weimar sowie Mitarbeitern des Jugendwaldheimes in Bergern errichtet und nach dem bedeutenden fortschrittlichen P\u00e4dagogen und Schulpolitiker Friedrich Adolf Wilhelm Diesterweg benannt. Der Bach, in den sich die drei beschriebenen Quellen ergie\u00dfen, ist der Dammbach. Er fand schon im 16. Jh. Erw\u00e4hnung und tr\u00e4gt seinen Namen von den D\u00e4mmen, die man zum Anlegen von Teichen f\u00fcr die Fischzucht errichtete. Einige Meter weiter zweigt die Route nach links ansteigend ab. Auf weichen Wegen geht es bis zum Waldrand, wo ganz Hungrige nur wenige Schritte entfernt, eine Einkehrm\u00f6glichkeit in der Waldgastst\u00e4tte Neusaalborn finden. Der Kneipp-Rundweg f\u00fchrt nach links auf der Waldstra\u00dfe entlang mehrere hundert Meter bergab, bis er links wieder in den Wald einbiegt. Hier ist etwas Achtsamkeit beim Laufen geboten, da sich die Wurzeln der alten Nadelb\u00e4ume teilweise direkt \u00fcber den Weg schl\u00e4ngeln. Bald ist jedoch das Gottesbr\u00fcnnlein erreicht. Der Weg bildet hier die Grenze zwischen Gemeindeforst und Kirchenwald. Letzterer \u2013 fr\u00fcher auch als Gottesholz bezeichnet, gab der schon 1764 erw\u00e4hnten Quelle ihren Namen. Oberhalb der Quelle befindet sich der Rhododendrongarten. 1957 legte die G\u00e4rtnerei Gramm aus Weimar diesen Bereich als Versuchspflanzung f\u00fcr Moorbeetkulturen an. Heute erfreut dieser mitten im Wald versteckte Garten besonders im Mai\/Juni zahllose Besucher mit seiner bunten Vielfalt und Bl\u00fctenpracht. Das Wasser des Gottesbr\u00fcnnleins speist ca. 100 m weiter das 3. Bad Berkaer Kneippbecken. Es entstand in enger Zusammenarbeit zwischen der Stadtverwaltung und dem Forstamt Bad Berka. Die \u00dcbergabe fand am 31. August 2010 statt. Noch einige Meter weiter m\u00fcndet das Wasser des Gottesbr\u00fcnnleins in den Herthasee. Dieser kleine Waldsee entstand 1885 im gemeinsamen Wirken des Berkaer Versch\u00f6nerungsvereins und der damaligen Forstverwaltung. Sein Name geht angeblich auf eine Sagengestalt, und zwar auf die sch\u00f6ne Nixe Hertha zur\u00fcck, die in Vollmondn\u00e4chten an solch einem See erschien. Der Kneipp-Rundweg trifft nun auf den fr\u00fcheren Bahndamm der einstigen Bahnlinie Weimar-Berka-Blankenhain. 1887 er\u00f6ffnet, bestand der Eisenbahnverkehr nach Blankenhain bis 1967. An dem beliebten Freibad Bad Berka geht es vorbei und zur\u00fcck zum Goethebrunnen. (siehe auch Kneippanlagen\/ Kurangebote).<\/p><\/div>\n\t\t\t\t<\/div>\n\t\t\t\t\t\t\t<div class=\"elementor-toggle-item\">\n\t\t\t\t\t<div id=\"elementor-tab-title-2222\" class=\"elementor-tab-title\" data-tab=\"2\" role=\"button\" aria-controls=\"elementor-tab-content-2222\" aria-expanded=\"false\">\n\t\t\t\t\t\t\t\t\t\t\t\t<span class=\"elementor-toggle-icon elementor-toggle-icon-left\" aria-hidden=\"true\">\n\t\t\t\t\t\t\t\t\t\t\t\t\t\t\t<span class=\"elementor-toggle-icon-closed\"><svg class=\"e-font-icon-svg e-fas-caret-right\" viewbox=\"0 0 192 512\" xmlns=\"http:\/\/www.w3.org\/2000\/svg\"><path d=\"M0 384.662V127.338c0-17.818 21.543-26.741 34.142-14.142l128.662 128.662c7.81 7.81 7.81 20.474 0 28.284L34.142 398.804C21.543 411.404 0 402.48 0 384.662z\"><\/path><\/svg><\/span>\n\t\t\t\t\t\t\t\t<span class=\"elementor-toggle-icon-opened\"><svg class=\"elementor-toggle-icon-opened e-font-icon-svg e-fas-caret-up\" viewbox=\"0 0 320 512\" xmlns=\"http:\/\/www.w3.org\/2000\/svg\"><path d=\"M288.662 352H31.338c-17.818 0-26.741-21.543-14.142-34.142l128.662-128.662c7.81-7.81 20.474-7.81 28.284 0l128.662 128.662c12.6 12.599 3.676 34.142-14.142 34.142z\"><\/path><\/svg><\/span>\n\t\t\t\t\t\t\t\t\t\t\t\t\t<\/span>\n\t\t\t\t\t\t\t\t\t\t\t\t<a class=\"elementor-toggle-title\" tabindex=\"0\">Th\u00fcringenweg<\/a>\n\t\t\t\t\t<\/div>\n\n\t\t\t\t\t<div id=\"elementor-tab-content-2222\" class=\"elementor-tab-content elementor-clearfix\" data-tab=\"2\" role=\"region\" aria-labelledby=\"elementor-tab-title-2222\"><p>Der 410 km lange Th\u00fcringenweg ist ein \u00fcberregionaler Wanderweg, der quer durch den Freistaat \u2013 von Altenburg im Osten nach Creuzburg im Westen \u2013 f\u00fchrt. Er bietet dem Wanderer einen Querschnitt der Th\u00fcringer Kultur und Natur und ber\u00fchrt nahezu alle Regionen im gr\u00fcnen Herzen Deutschlands. Als Naturliebhaber durchwandert man zahlreiche Facetten unterschiedlichster Landschaften \u2013 von Altenburger Ackerlandschaft \u00fcber das Th\u00fcringer Vogtland, Ostland, Holzland, die T\u00e4ler von Plei\u00dfe, Wei\u00dfer Elster, Saale, Ilm, Ohra und Werra bis hin zu den H\u00f6hen des Th\u00fcringer Waldes \u2013 Wald und Wiese, Karst und Fels, Trockenrasen und Gew\u00e4sser, Berge und T\u00e4ler. Der Th\u00fcringenweg bietet abwechslungsreiche Naturbilder gepaart mit Th\u00fcringer St\u00e4dte-Charme. Neben Altenburg, Greiz, Gera, Jena, Rudolstadt und Eisenach, bieten nicht zuletzt die kleineren St\u00e4dte und D\u00f6rfer am Weg viel Sehenswertes f\u00fcr den kulturhistorisch- und kunstinteressierten Wanderer. Dem stehen die Streckenabschnitte im Weimarer Land in nichts nach \u2013 nicht umsonst hei\u00dft es: \u201eDas Weimarer Land \u2013 Wo sich Geist und Landschaft treffen!\u201c<\/p><\/div>\n\t\t\t\t<\/div>\n\t\t\t\t\t\t\t<div class=\"elementor-toggle-item\">\n\t\t\t\t\t<div id=\"elementor-tab-title-2223\" class=\"elementor-tab-title\" data-tab=\"3\" role=\"button\" aria-controls=\"elementor-tab-content-2223\" aria-expanded=\"false\">\n\t\t\t\t\t\t\t\t\t\t\t\t<span class=\"elementor-toggle-icon elementor-toggle-icon-left\" aria-hidden=\"true\">\n\t\t\t\t\t\t\t\t\t\t\t\t\t\t\t<span class=\"elementor-toggle-icon-closed\"><svg class=\"e-font-icon-svg e-fas-caret-right\" viewbox=\"0 0 192 512\" xmlns=\"http:\/\/www.w3.org\/2000\/svg\"><path d=\"M0 384.662V127.338c0-17.818 21.543-26.741 34.142-14.142l128.662 128.662c7.81 7.81 7.81 20.474 0 28.284L34.142 398.804C21.543 411.404 0 402.48 0 384.662z\"><\/path><\/svg><\/span>\n\t\t\t\t\t\t\t\t<span class=\"elementor-toggle-icon-opened\"><svg class=\"elementor-toggle-icon-opened e-font-icon-svg e-fas-caret-up\" viewbox=\"0 0 320 512\" xmlns=\"http:\/\/www.w3.org\/2000\/svg\"><path d=\"M288.662 352H31.338c-17.818 0-26.741-21.543-14.142-34.142l128.662-128.662c7.81-7.81 20.474-7.81 28.284 0l128.662 128.662c12.6 12.599 3.676 34.142-14.142 34.142z\"><\/path><\/svg><\/span>\n\t\t\t\t\t\t\t\t\t\t\t\t\t<\/span>\n\t\t\t\t\t\t\t\t\t\t\t\t<a class=\"elementor-toggle-title\" tabindex=\"0\">Th\u00fcringer 3-T\u00fcrme-Weg<\/a>\n\t\t\t\t\t<\/div>\n\n\t\t\t\t\t<div id=\"elementor-tab-content-2223\" class=\"elementor-tab-content elementor-clearfix\" data-tab=\"3\" role=\"region\" aria-labelledby=\"elementor-tab-title-2223\"><p>Etwas ganz Besonderes ist der Th\u00fcringer Drei-T\u00fcrme-Weg, der vom Deutschen Wanderverband mit dem Qualit\u00e4tssiegel \u201eWanderbares Deutschland\u201c ausgezeichnet wurde. Auf 26 Kilometern Streckenl\u00e4nge l\u00e4dt er zur Erkundung der landschaftlichen und kulturellen Vielfalt des ausgedehnten Wandergebietes im S\u00fcden der Klassikerstadt Weimar ein. Der Rundwanderweg verbindet den Bad Berkaer Paulinenturm mit dem Hainturm bei Weimar und dem Carolinenturm auf dem K\u00f6tschberg \/Gastst\u00e4tte M\u00fcllershausen mit einplanen) bei Blankenhain. Erleben Sie herrliche Ausblicke auf die umliegende Landschaft und lassen Sie sich inspirieren von der Kombination aus Natur, Kultur, Geist und Th\u00fcringer Tradition.<\/p><\/div>\n\t\t\t\t<\/div>\n\t\t\t\t\t\t\t<div class=\"elementor-toggle-item\">\n\t\t\t\t\t<div id=\"elementor-tab-title-2224\" class=\"elementor-tab-title\" data-tab=\"4\" role=\"button\" aria-controls=\"elementor-tab-content-2224\" aria-expanded=\"false\">\n\t\t\t\t\t\t\t\t\t\t\t\t<span class=\"elementor-toggle-icon elementor-toggle-icon-left\" aria-hidden=\"true\">\n\t\t\t\t\t\t\t\t\t\t\t\t\t\t\t<span class=\"elementor-toggle-icon-closed\"><svg class=\"e-font-icon-svg e-fas-caret-right\" viewbox=\"0 0 192 512\" xmlns=\"http:\/\/www.w3.org\/2000\/svg\"><path d=\"M0 384.662V127.338c0-17.818 21.543-26.741 34.142-14.142l128.662 128.662c7.81 7.81 7.81 20.474 0 28.284L34.142 398.804C21.543 411.404 0 402.48 0 384.662z\"><\/path><\/svg><\/span>\n\t\t\t\t\t\t\t\t<span class=\"elementor-toggle-icon-opened\"><svg class=\"elementor-toggle-icon-opened e-font-icon-svg e-fas-caret-up\" viewbox=\"0 0 320 512\" xmlns=\"http:\/\/www.w3.org\/2000\/svg\"><path d=\"M288.662 352H31.338c-17.818 0-26.741-21.543-14.142-34.142l128.662-128.662c7.81-7.81 20.474-7.81 28.284 0l128.662 128.662c12.6 12.599 3.676 34.142-14.142 34.142z\"><\/path><\/svg><\/span>\n\t\t\t\t\t\t\t\t\t\t\t\t\t<\/span>\n\t\t\t\t\t\t\t\t\t\t\t\t<a class=\"elementor-toggle-title\" tabindex=\"0\">Ilmtal \u2013 Radwanderweg<\/a>\n\t\t\t\t\t<\/div>\n\n\t\t\t\t\t<div id=\"elementor-tab-content-2224\" class=\"elementor-tab-content elementor-clearfix\" data-tab=\"4\" role=\"region\" aria-labelledby=\"elementor-tab-title-2224\"><p>Der ca. 120 km lange Radwanderweg f\u00fchrt entlang der Ilm vom Ursprung im Th\u00fcringer Wald bis zur M\u00fcndung in die Saale bei Gro\u00dfheringen im Weimarer Land. Er verbindet die Kultur- und Goethest\u00e4dte Weimar und Ilmenau. Entlang der Ilm, umgeben von herrlichen Wiesen und W\u00e4ldern, den Blick in das Ilmtal geniessen, hier und da an einem Aussichtspunkt mal eine Pause machen oder mal eben ein erfrischendes Bad nehmen. Am Streckenverlauf die eine oder andere Sehensw\u00fcrdigkeit besuchen, Burgen und Schl\u00f6sser, Museen oder H\u00f6hlen erkunden. Den Hunger im Hof eines Rittergutes mit gastronomischen K\u00f6stlichkeiten aus der Region stillen.<\/p><\/div>\n\t\t\t\t<\/div>\n\t\t\t\t\t\t\t<div class=\"elementor-toggle-item\">\n\t\t\t\t\t<div id=\"elementor-tab-title-2225\" class=\"elementor-tab-title\" data-tab=\"5\" role=\"button\" aria-controls=\"elementor-tab-content-2225\" aria-expanded=\"false\">\n\t\t\t\t\t\t\t\t\t\t\t\t<span class=\"elementor-toggle-icon elementor-toggle-icon-left\" aria-hidden=\"true\">\n\t\t\t\t\t\t\t\t\t\t\t\t\t\t\t<span class=\"elementor-toggle-icon-closed\"><svg class=\"e-font-icon-svg e-fas-caret-right\" viewbox=\"0 0 192 512\" xmlns=\"http:\/\/www.w3.org\/2000\/svg\"><path d=\"M0 384.662V127.338c0-17.818 21.543-26.741 34.142-14.142l128.662 128.662c7.81 7.81 7.81 20.474 0 28.284L34.142 398.804C21.543 411.404 0 402.48 0 384.662z\"><\/path><\/svg><\/span>\n\t\t\t\t\t\t\t\t<span class=\"elementor-toggle-icon-opened\"><svg class=\"elementor-toggle-icon-opened e-font-icon-svg e-fas-caret-up\" viewbox=\"0 0 320 512\" xmlns=\"http:\/\/www.w3.org\/2000\/svg\"><path d=\"M288.662 352H31.338c-17.818 0-26.741-21.543-14.142-34.142l128.662-128.662c7.81-7.81 20.474-7.81 28.284 0l128.662 128.662c12.6 12.599 3.676 34.142-14.142 34.142z\"><\/path><\/svg><\/span>\n\t\t\t\t\t\t\t\t\t\t\t\t\t<\/span>\n\t\t\t\t\t\t\t\t\t\t\t\t<a class=\"elementor-toggle-title\" tabindex=\"0\">Regionale Radwanderwege<\/a>\n\t\t\t\t\t<\/div>\n\n\t\t\t\t\t<div id=\"elementor-tab-content-2225\" class=\"elementor-tab-content elementor-clearfix\" data-tab=\"5\" role=\"region\" aria-labelledby=\"elementor-tab-title-2225\"><p>Bad Berka \u2013 Blankenhain (direkt am Golfplatz \u201c GolfResort Weimarer Land \u2013 Gut Krakau\u201c vorbei)<\/p><\/div>\n\t\t\t\t<\/div>\n\t\t\t\t\t\t\t<div class=\"elementor-toggle-item\">\n\t\t\t\t\t<div id=\"elementor-tab-title-2226\" class=\"elementor-tab-title\" data-tab=\"6\" role=\"button\" aria-controls=\"elementor-tab-content-2226\" aria-expanded=\"false\">\n\t\t\t\t\t\t\t\t\t\t\t\t<span class=\"elementor-toggle-icon elementor-toggle-icon-left\" aria-hidden=\"true\">\n\t\t\t\t\t\t\t\t\t\t\t\t\t\t\t<span class=\"elementor-toggle-icon-closed\"><svg class=\"e-font-icon-svg e-fas-caret-right\" viewbox=\"0 0 192 512\" xmlns=\"http:\/\/www.w3.org\/2000\/svg\"><path d=\"M0 384.662V127.338c0-17.818 21.543-26.741 34.142-14.142l128.662 128.662c7.81 7.81 7.81 20.474 0 28.284L34.142 398.804C21.543 411.404 0 402.48 0 384.662z\"><\/path><\/svg><\/span>\n\t\t\t\t\t\t\t\t<span class=\"elementor-toggle-icon-opened\"><svg class=\"elementor-toggle-icon-opened e-font-icon-svg e-fas-caret-up\" viewbox=\"0 0 320 512\" xmlns=\"http:\/\/www.w3.org\/2000\/svg\"><path d=\"M288.662 352H31.338c-17.818 0-26.741-21.543-14.142-34.142l128.662-128.662c7.81-7.81 20.474-7.81 28.284 0l128.662 128.662c12.6 12.599 3.676 34.142-14.142 34.142z\"><\/path><\/svg><\/span>\n\t\t\t\t\t\t\t\t\t\t\t\t\t<\/span>\n\t\t\t\t\t\t\t\t\t\t\t\t<a class=\"elementor-toggle-title\" tabindex=\"0\">Feininger \u2013 Radweg<\/a>\n\t\t\t\t\t<\/div>\n\n\t\t\t\t\t<div id=\"elementor-tab-content-2226\" class=\"elementor-tab-content elementor-clearfix\" data-tab=\"6\" role=\"region\" aria-labelledby=\"elementor-tab-title-2226\"><p>Lyonel Feininger (1871-1956) beginnt erst mit 36 Jahren mit der Malerei. Vorher war der amerikanische K\u00fcnstler als erfolgreicher und anerkannter Karikaturist t\u00e4tig. 1906 reiste er erstmals nach Weimar und mietete sich dort ein Atelier. \u00dcber drei Jahrzehnte begab sich Feininger zu Fu\u00df oder mit dem Rad in das Weimarer Umland. Dort f\u00fcllte er Skizzenbl\u00f6cke mit unz\u00e4hligen Kirchen, Br\u00fccken und Dorfkernen, aus denen sp\u00e4ter viele seiner weltber\u00fchmten Kunstwerke entstanden. \u201eDie D\u00f6rfer, wohl \u00fcber Hundert, in der Umgebung sind prachtvoll! Die Architektur (sie wissen ja, wie ich von der ausgehe!) ist mir gerade recht, so anregend, zum Teil so ungemein monumental! Es gibt Kirchen in gottverlassenen Nestern, die mit das Mystischste sind, was ich von sogenannten Kulturmenschen kenne!\u201c<br \/>Briefauszug L. Feininger an Alfred Kubin, 1913<br \/>Mit der ca. 28 km langen Radtour durch das Weimarer Land m\u00f6chten wir Sie einladen, den Spuren Feiningers zu folgen. Die gut beschilderte Feininger-Radtour ist an den einzelnen Stationen mit gro\u00dfen, attraktiven Glasaufstellern versehen, die meist mit direktem Blick auf das Original in leuchtenden Farben das Feininger- Gem\u00e4lde der jeweiligen Dorfkirche abbilden. Lernen Sie seine Lieblingsmotive in den idyllischen D\u00f6rfern kennen, denn \u201eWeimarer Land ist Feininger Land\u201c! Die Radtour f\u00fchrt Sie von Weimar aus \u00fcber Niedergrunstedt, Gelmeroda, Possendorf, Vollersroda und Mellingen wieder zur\u00fcck nach Oberweimar.<\/p><\/div>\n\t\t\t\t<\/div>\n\t\t\t\t\t\t\t<div class=\"elementor-toggle-item\">\n\t\t\t\t\t<div id=\"elementor-tab-title-2227\" class=\"elementor-tab-title\" data-tab=\"7\" role=\"button\" aria-controls=\"elementor-tab-content-2227\" aria-expanded=\"false\">\n\t\t\t\t\t\t\t\t\t\t\t\t<span class=\"elementor-toggle-icon elementor-toggle-icon-left\" aria-hidden=\"true\">\n\t\t\t\t\t\t\t\t\t\t\t\t\t\t\t<span class=\"elementor-toggle-icon-closed\"><svg class=\"e-font-icon-svg e-fas-caret-right\" viewbox=\"0 0 192 512\" xmlns=\"http:\/\/www.w3.org\/2000\/svg\"><path d=\"M0 384.662V127.338c0-17.818 21.543-26.741 34.142-14.142l128.662 128.662c7.81 7.81 7.81 20.474 0 28.284L34.142 398.804C21.543 411.404 0 402.48 0 384.662z\"><\/path><\/svg><\/span>\n\t\t\t\t\t\t\t\t<span class=\"elementor-toggle-icon-opened\"><svg class=\"elementor-toggle-icon-opened e-font-icon-svg e-fas-caret-up\" viewbox=\"0 0 320 512\" xmlns=\"http:\/\/www.w3.org\/2000\/svg\"><path d=\"M288.662 352H31.338c-17.818 0-26.741-21.543-14.142-34.142l128.662-128.662c7.81-7.81 20.474-7.81 28.284 0l128.662 128.662c12.6 12.599 3.676 34.142-14.142 34.142z\"><\/path><\/svg><\/span>\n\t\t\t\t\t\t\t\t\t\t\t\t\t<\/span>\n\t\t\t\t\t\t\t\t\t\t\t\t<a class=\"elementor-toggle-title\" tabindex=\"0\">Fernradweg Th\u00fcringer St\u00e4dtekette<\/a>\n\t\t\t\t\t<\/div>\n\n\t\t\t\t\t<div id=\"elementor-tab-content-2227\" class=\"elementor-tab-content elementor-clearfix\" data-tab=\"7\" role=\"region\" aria-labelledby=\"elementor-tab-title-2227\"><p>Der Fernradweg \u201eTh\u00fcringer St\u00e4dtekette\u201c verbindet auf einer Strecke von 240 km sieben der sch\u00f6nsten Th\u00fcringer St\u00e4dte \u2013 Altenburg im Osten mit Eisenach im Westen \u2013 und f\u00fchrt durch landschaftlich reizvolle Gegenden.Der Radwanderweg ist ein besonderer Leckerbissen f\u00fcr Kulturinteressierte und Tourenradler. Auf dem Weg quer durch Th\u00fcringen bieten sich immer wieder bekannte Sehensw\u00fcrdigkeiten, historische Innenst\u00e4dte und kulturelle Highlights als Etappenziele an.<br \/>Ausgangspunkt dieser Tour quer durch Th\u00fcringen ist die Skatstadt Altenburg. Bestaunen kann man hier das imposante Residenzschloss mit dem Spielkarten- museum.\u00dcber Schm\u00f6lln gelangen Sie nach Gera, wo im Jahr 2007 die Bundesgartenschau stattfindet. Weiter geht es nach Bad K\u00f6stritz und Jena. In Verbindung mit Jena lassen sich die Namen von Goethe, Schiller, Napoleon, Zeiss, Schott und Abbe in einem Atem- zug nennen. Interessant ist ein Besuch des \u00e4ltesten Planetariums der Welt.<br \/>Im Weimarer Land frequentiert man den Abschnitt dieses Radweges gemeinsam mit dem Ilmtal- und dem Feininger-Radweg. Danach f\u00fchrt die Tour in die \u201eKlassiker- Stadt\u201c Weimar. Ber\u00fchmtheiten wie Bach, Goethe, Schiller, Liszt und Cranach haben hier gelebt und gearbeitet. Der Besucher findet Kulturhistorisches und Modernes in Verbindung zu einem einmaligen Flair.<br \/>In Erfurt, der Landeshauptstadt Th\u00fcringens, erwarten Sie die bebaute Kr\u00e4merbr\u00fccke, die Festung Petersberg, die Severikirche, der Mariendom, die Erfurter Gartenbauausstellung, das Rathaus und Luthers Augustinerkloster. An den Drei Gleichen vorbei, f\u00fchrt Sie die n\u00e4chste Etappe in die ehemalige Residenzstadt Gotha. Einmalig sind Deutschlands gr\u00f6\u00dfte fr\u00fchbarocke Schlossanlage Friedenstein, die Kasematten, die 350 Jahre alten Gew\u00f6lbe der Befestigungsanlage und das original erhaltene barocke Ekhof-Theater.<br \/>Im Westen thront die ins UNESCO- Weltkulturerbe aufgenommene Wartburg hoch \u00fcber Eisenach. Hier lebte die heilige Elisabeth, Luther \u00fcbersetzte das Neue Testament und Wagner lie\u00df sich zur Oper \u201eTannh\u00e4user\u201c inspirieren. Goethe schrieb von der Wartburg an Charlotte von Stein \u201eDie Gegend ist \u00fcberherrlich\u201c. Schlie\u00dflich in Creuzburg angekommen, markiert die gleichnamige Burg den Endpunkt der Tour. Sehenswert sind Werrabr\u00fccke und Liboriuskapelle.<\/p><\/div>\n\t\t\t\t<\/div>\n\t\t\t\t\t\t\t\t<\/div>\n\t\t\t\t\t\t<\/div>\n\t\t\t\t<\/div>\n\t\t\t\t<\/div>\n\t\t\t\t<div class=\"elementor-element elementor-element-7148e65 elementor-widget elementor-widget-gallery\" data-id=\"7148e65\" data-element_type=\"widget\" data-settings=\"{&quot;gallery_layout&quot;:&quot;justified&quot;,&quot;ideal_row_height&quot;:{&quot;unit&quot;:&quot;px&quot;,&quot;size&quot;:310,&quot;sizes&quot;:[]},&quot;lazyload&quot;:&quot;yes&quot;,&quot;ideal_row_height_tablet&quot;:{&quot;unit&quot;:&quot;px&quot;,&quot;size&quot;:150,&quot;sizes&quot;:[]},&quot;ideal_row_height_mobile&quot;:{&quot;unit&quot;:&quot;px&quot;,&quot;size&quot;:150,&quot;sizes&quot;:[]},&quot;gap&quot;:{&quot;unit&quot;:&quot;px&quot;,&quot;size&quot;:10,&quot;sizes&quot;:[]},&quot;gap_tablet&quot;:{&quot;unit&quot;:&quot;px&quot;,&quot;size&quot;:10,&quot;sizes&quot;:[]},&quot;gap_mobile&quot;:{&quot;unit&quot;:&quot;px&quot;,&quot;size&quot;:10,&quot;sizes&quot;:[]},&quot;link_to&quot;:&quot;file&quot;,&quot;overlay_background&quot;:&quot;yes&quot;,&quot;content_hover_animation&quot;:&quot;fade-in&quot;}\" data-widget_type=\"gallery.default\">\n\t\t\t\t<div class=\"elementor-widget-container\">\n\t\t\t\t\t\t\t<div class=\"elementor-gallery__container\">\n\t\t\t\t\t\t\t<a class=\"e-gallery-item elementor-gallery-item elementor-animated-content\" href=\"https:\/\/ferienwohnung-weimarerland.de\/wp-content\/uploads\/2024\/06\/wandern-im-Weimarer-Land-3-Tuerme-Wanderweg-scaled-1.jpg\" data-elementor-open-lightbox=\"yes\" data-elementor-lightbox-slideshow=\"7148e65\" data-e-action-hash=\"#elementor-action%3Aaction%3Dlightbox%26settings%3DeyJpZCI6MTAxLCJ1cmwiOiJodHRwczpcL1wvZmVyaWVud29obnVuZy13ZWltYXJlcmxhbmQuZGVcL3dwLWNvbnRlbnRcL3VwbG9hZHNcLzIwMjRcLzA2XC93YW5kZXJuLWltLVdlaW1hcmVyLUxhbmQtMy1UdWVybWUtV2FuZGVyd2VnLXNjYWxlZC0xLmpwZyIsInNsaWRlc2hvdyI6IjcxNDhlNjUifQ%3D%3D\">\n\t\t\t\t\t<div class=\"e-gallery-image elementor-gallery-item__image\" data-thumbnail=\"https:\/\/ferienwohnung-weimarerland.de\/wp-content\/uploads\/2024\/06\/wandern-im-Weimarer-Land-3-Tuerme-Wanderweg-scaled-1.jpg\" data-width=\"2560\" data-height=\"1707\" aria-label=\"\" role=\"img\" ><\/div>\n\t\t\t\t\t\t\t\t\t\t\t<div class=\"elementor-gallery-item__overlay\"><\/div>\n\t\t\t\t\t\t\t\t\t\t\t\t\t\t<\/a>\n\t\t\t\t\t\t\t<a class=\"e-gallery-item elementor-gallery-item elementor-animated-content\" href=\"https:\/\/ferienwohnung-weimarerland.de\/wp-content\/uploads\/2024\/08\/sportliches1.jpg\" data-elementor-open-lightbox=\"yes\" data-elementor-lightbox-slideshow=\"7148e65\" data-e-action-hash=\"#elementor-action%3Aaction%3Dlightbox%26settings%3DeyJpZCI6MzMwLCJ1cmwiOiJodHRwczpcL1wvZmVyaWVud29obnVuZy13ZWltYXJlcmxhbmQuZGVcL3dwLWNvbnRlbnRcL3VwbG9hZHNcLzIwMjRcLzA4XC9zcG9ydGxpY2hlczEuanBnIiwic2xpZGVzaG93IjoiNzE0OGU2NSJ9\">\n\t\t\t\t\t<div class=\"e-gallery-image elementor-gallery-item__image\" data-thumbnail=\"https:\/\/ferienwohnung-weimarerland.de\/wp-content\/uploads\/2024\/08\/sportliches1.jpg\" data-width=\"870\" data-height=\"768\" aria-label=\"Klein-Venedig in Bad Berka mit idyllischer Flusslandschaft und Fachwerkh\u00e4usern \u2013 nahe den Ferienwohnungen Auszeit, Morgensonne und Turmblick, ideal f\u00fcr Urlaub, Erholung und Aktivurlaub im Weimarer Land.\" role=\"img\" ><\/div>\n\t\t\t\t\t\t\t\t\t\t\t<div class=\"elementor-gallery-item__overlay\"><\/div>\n\t\t\t\t\t\t\t\t\t\t\t\t\t\t<\/a>\n\t\t\t\t\t\t\t<a class=\"e-gallery-item elementor-gallery-item elementor-animated-content\" href=\"https:\/\/ferienwohnung-weimarerland.de\/wp-content\/uploads\/2024\/08\/sportliches2.jpg\" data-elementor-open-lightbox=\"yes\" data-elementor-lightbox-slideshow=\"7148e65\" data-e-action-hash=\"#elementor-action%3Aaction%3Dlightbox%26settings%3DeyJpZCI6MzMxLCJ1cmwiOiJodHRwczpcL1wvZmVyaWVud29obnVuZy13ZWltYXJlcmxhbmQuZGVcL3dwLWNvbnRlbnRcL3VwbG9hZHNcLzIwMjRcLzA4XC9zcG9ydGxpY2hlczIuanBnIiwic2xpZGVzaG93IjoiNzE0OGU2NSJ9\">\n\t\t\t\t\t<div class=\"e-gallery-image elementor-gallery-item__image\" data-thumbnail=\"https:\/\/ferienwohnung-weimarerland.de\/wp-content\/uploads\/2024\/08\/sportliches2.jpg\" data-width=\"576\" data-height=\"768\" aria-label=\"Kapitelle vom Schloss Hirschruf am Drei-T\u00fcrme-Weg bei Bad Berka, N\u00e4he der Ferienwohnungen Auszeit &amp; Morgensonne \u2013 Urlaub, Unterkunft, Wandern, Gastgeber, Radfahren, kulturelles Erbe, historische Architektur, idyllische Landschaft https:\/\/ferienwohnung-weimarerland.de\/.\" role=\"img\" ><\/div>\n\t\t\t\t\t\t\t\t\t\t\t<div class=\"elementor-gallery-item__overlay\"><\/div>\n\t\t\t\t\t\t\t\t\t\t\t\t\t\t<\/a>\n\t\t\t\t\t\t\t<a class=\"e-gallery-item elementor-gallery-item elementor-animated-content\" href=\"https:\/\/ferienwohnung-weimarerland.de\/wp-content\/uploads\/2024\/06\/Radfahren-im-Weimarer-Land-Ilmtalradweg-scaled-1.jpg\" data-elementor-open-lightbox=\"yes\" data-elementor-lightbox-slideshow=\"7148e65\" data-e-action-hash=\"#elementor-action%3Aaction%3Dlightbox%26settings%3DeyJpZCI6MTAyLCJ1cmwiOiJodHRwczpcL1wvZmVyaWVud29obnVuZy13ZWltYXJlcmxhbmQuZGVcL3dwLWNvbnRlbnRcL3VwbG9hZHNcLzIwMjRcLzA2XC9SYWRmYWhyZW4taW0tV2VpbWFyZXItTGFuZC1JbG10YWxyYWR3ZWctc2NhbGVkLTEuanBnIiwic2xpZGVzaG93IjoiNzE0OGU2NSJ9\">\n\t\t\t\t\t<div class=\"e-gallery-image elementor-gallery-item__image\" data-thumbnail=\"https:\/\/ferienwohnung-weimarerland.de\/wp-content\/uploads\/2024\/06\/Radfahren-im-Weimarer-Land-Ilmtalradweg-scaled-1.jpg\" data-width=\"2560\" data-height=\"1707\" aria-label=\"\" role=\"img\" ><\/div>\n\t\t\t\t\t\t\t\t\t\t\t<div class=\"elementor-gallery-item__overlay\"><\/div>\n\t\t\t\t\t\t\t\t\t\t\t\t\t\t<\/a>\n\t\t\t\t\t\t\t<a class=\"e-gallery-item elementor-gallery-item elementor-animated-content\" href=\"https:\/\/ferienwohnung-weimarerland.de\/wp-content\/uploads\/2024\/08\/sportliches3.jpg\" data-elementor-open-lightbox=\"yes\" data-elementor-lightbox-slideshow=\"7148e65\" data-e-action-hash=\"#elementor-action%3Aaction%3Dlightbox%26settings%3DeyJpZCI6MzMyLCJ1cmwiOiJodHRwczpcL1wvZmVyaWVud29obnVuZy13ZWltYXJlcmxhbmQuZGVcL3dwLWNvbnRlbnRcL3VwbG9hZHNcLzIwMjRcLzA4XC9zcG9ydGxpY2hlczMuanBnIiwic2xpZGVzaG93IjoiNzE0OGU2NSJ9\">\n\t\t\t\t\t<div class=\"e-gallery-image elementor-gallery-item__image\" data-thumbnail=\"https:\/\/ferienwohnung-weimarerland.de\/wp-content\/uploads\/2024\/08\/sportliches3.jpg\" data-width=\"1024\" data-height=\"768\" aria-label=\"M\u00fchle Buchfart am Ilmtalradweg nahe Bad Berka \u2013 Urlaub, Erholung, Wandern und Radfahren, ca. 5 km von den Ferienwohnungen Auszeit &amp; Morgensonne, idyllische Natur, historische M\u00fchle am Flusstal https:\/\/ferienwohnung-weimarerland.de\/.\" role=\"img\" ><\/div>\n\t\t\t\t\t\t\t\t\t\t\t<div class=\"elementor-gallery-item__overlay\"><\/div>\n\t\t\t\t\t\t\t\t\t\t\t\t\t\t<\/a>\n\t\t\t\t\t\t\t<a class=\"e-gallery-item elementor-gallery-item elementor-animated-content\" href=\"https:\/\/ferienwohnung-weimarerland.de\/wp-content\/uploads\/2024\/08\/sportliches4.jpg\" data-elementor-open-lightbox=\"yes\" data-elementor-lightbox-slideshow=\"7148e65\" data-e-action-hash=\"#elementor-action%3Aaction%3Dlightbox%26settings%3DeyJpZCI6MzMzLCJ1cmwiOiJodHRwczpcL1wvZmVyaWVud29obnVuZy13ZWltYXJlcmxhbmQuZGVcL3dwLWNvbnRlbnRcL3VwbG9hZHNcLzIwMjRcLzA4XC9zcG9ydGxpY2hlczQuanBnIiwic2xpZGVzaG93IjoiNzE0OGU2NSJ9\">\n\t\t\t\t\t<div class=\"e-gallery-image elementor-gallery-item__image\" data-thumbnail=\"https:\/\/ferienwohnung-weimarerland.de\/wp-content\/uploads\/2024\/08\/sportliches4.jpg\" data-width=\"1024\" data-height=\"768\" aria-label=\"Landschaft beim Wandern und Radfahren \u2013 Blick von Tiefengruben Richtung Bad Berka, Weimarer Land, Rabsfeld, nahe den Ferienwohnungen Auszeit &amp; Morgensonne, Turmblick, idyllische Natur, Fluss- und Waldlandschaft. https:\/\/ferienwohnung-weimarerland.de\/.\" role=\"img\" ><\/div>\n\t\t\t\t\t\t\t\t\t\t\t<div class=\"elementor-gallery-item__overlay\"><\/div>\n\t\t\t\t\t\t\t\t\t\t\t\t\t\t<\/a>\n\t\t\t\t\t<\/div>\n\t\t\t\t\t<\/div>\n\t\t\t\t<\/div>\n\t\t\t\t\t<\/div>\n\t\t\t\t<\/div>\n\t\t<div class=\"elementor-element elementor-element-0c199f6 e-flex e-con-boxed e-con e-parent\" data-id=\"0c199f6\" data-element_type=\"container\" data-settings=\"{&quot;background_background&quot;:&quot;classic&quot;}\">\n\t\t\t\t\t<div class=\"e-con-inner\">\n\t\t\t\t<div class=\"elementor-element elementor-element-c97e845 elementor-widget elementor-widget-heading\" data-id=\"c97e845\" data-element_type=\"widget\" data-widget_type=\"heading.default\">\n\t\t\t\t<div class=\"elementor-widget-container\">\n\t\t\t\t\t<h2 class=\"elementor-heading-title elementor-size-default\">Weitere sportliche Aktivit\u00e4ten<\/h2>\t\t\t\t<\/div>\n\t\t\t\t<\/div>\n\t\t\t\t<div class=\"elementor-element elementor-element-a00a3db elementor-widget elementor-widget-toggle\" data-id=\"a00a3db\" data-element_type=\"widget\" data-widget_type=\"toggle.default\">\n\t\t\t\t<div class=\"elementor-widget-container\">\n\t\t\t\t\t\t\t<div class=\"elementor-toggle\">\n\t\t\t\t\t\t\t<div class=\"elementor-toggle-item\">\n\t\t\t\t\t<div id=\"elementor-tab-title-1671\" class=\"elementor-tab-title\" data-tab=\"1\" role=\"button\" aria-controls=\"elementor-tab-content-1671\" aria-expanded=\"false\">\n\t\t\t\t\t\t\t\t\t\t\t\t<span class=\"elementor-toggle-icon elementor-toggle-icon-left\" aria-hidden=\"true\">\n\t\t\t\t\t\t\t\t\t\t\t\t\t\t\t<span class=\"elementor-toggle-icon-closed\"><svg class=\"e-font-icon-svg e-fas-caret-right\" viewbox=\"0 0 192 512\" xmlns=\"http:\/\/www.w3.org\/2000\/svg\"><path d=\"M0 384.662V127.338c0-17.818 21.543-26.741 34.142-14.142l128.662 128.662c7.81 7.81 7.81 20.474 0 28.284L34.142 398.804C21.543 411.404 0 402.48 0 384.662z\"><\/path><\/svg><\/span>\n\t\t\t\t\t\t\t\t<span class=\"elementor-toggle-icon-opened\"><svg class=\"elementor-toggle-icon-opened e-font-icon-svg e-fas-caret-up\" viewbox=\"0 0 320 512\" xmlns=\"http:\/\/www.w3.org\/2000\/svg\"><path d=\"M288.662 352H31.338c-17.818 0-26.741-21.543-14.142-34.142l128.662-128.662c7.81-7.81 20.474-7.81 28.284 0l128.662 128.662c12.6 12.599 3.676 34.142-14.142 34.142z\"><\/path><\/svg><\/span>\n\t\t\t\t\t\t\t\t\t\t\t\t\t<\/span>\n\t\t\t\t\t\t\t\t\t\t\t\t<a class=\"elementor-toggle-title\" tabindex=\"0\">Fahradverleih<\/a>\n\t\t\t\t\t<\/div>\n\n\t\t\t\t\t<div id=\"elementor-tab-content-1671\" class=\"elementor-tab-content elementor-clearfix\" data-tab=\"1\" role=\"region\" aria-labelledby=\"elementor-tab-title-1671\"><p>Bad Berka (ca. 500m von den Ferienwohnungen Auszeit &amp; \u00a0Morgensonne entfernt), Bikestore Knabe in Blankenhain<\/p><\/div>\n\t\t\t\t<\/div>\n\t\t\t\t\t\t\t<div class=\"elementor-toggle-item\">\n\t\t\t\t\t<div id=\"elementor-tab-title-1672\" class=\"elementor-tab-title\" data-tab=\"2\" role=\"button\" aria-controls=\"elementor-tab-content-1672\" aria-expanded=\"false\">\n\t\t\t\t\t\t\t\t\t\t\t\t<span class=\"elementor-toggle-icon elementor-toggle-icon-left\" aria-hidden=\"true\">\n\t\t\t\t\t\t\t\t\t\t\t\t\t\t\t<span class=\"elementor-toggle-icon-closed\"><svg class=\"e-font-icon-svg e-fas-caret-right\" viewbox=\"0 0 192 512\" xmlns=\"http:\/\/www.w3.org\/2000\/svg\"><path d=\"M0 384.662V127.338c0-17.818 21.543-26.741 34.142-14.142l128.662 128.662c7.81 7.81 7.81 20.474 0 28.284L34.142 398.804C21.543 411.404 0 402.48 0 384.662z\"><\/path><\/svg><\/span>\n\t\t\t\t\t\t\t\t<span class=\"elementor-toggle-icon-opened\"><svg class=\"elementor-toggle-icon-opened e-font-icon-svg e-fas-caret-up\" viewbox=\"0 0 320 512\" xmlns=\"http:\/\/www.w3.org\/2000\/svg\"><path d=\"M288.662 352H31.338c-17.818 0-26.741-21.543-14.142-34.142l128.662-128.662c7.81-7.81 20.474-7.81 28.284 0l128.662 128.662c12.6 12.599 3.676 34.142-14.142 34.142z\"><\/path><\/svg><\/span>\n\t\t\t\t\t\t\t\t\t\t\t\t\t<\/span>\n\t\t\t\t\t\t\t\t\t\t\t\t<a class=\"elementor-toggle-title\" tabindex=\"0\">Walken\/ Nordic Walking<\/a>\n\t\t\t\t\t<\/div>\n\n\t\t\t\t\t<div id=\"elementor-tab-content-1672\" class=\"elementor-tab-content elementor-clearfix\" data-tab=\"2\" role=\"region\" aria-labelledby=\"elementor-tab-title-1672\"><p>Ideale Bedingungen f\u00fcr ein ganz individuelles Training bietet der Walking &amp; Fitness-Park Bad Berka. Hier findet man beste Voraussetzungen f\u00fcr entspanntes Wandern, Walken (incl. Nordic Walking) und Nordic Blading. Aber auch die Radfahrer und Skater kommen auf ihre Kosten.<br \/>Das Areal des Bad Berkaer Walking &amp; Fitness-Parkes erstreckt sich \u00fcber das gesamte Wandergebiet um die Kurstadt im Zentrum des Landschaftsschutzgebietes \u201eMittleres Ilmtal\u201c. Es umfasst ca. 200 km ausgeschilderte Wanderwege, 5 Nordic Walking Strecken, den Ilmtal-Radwanderweg sowie weitere mit dem Rad sehr gut zu befahrende Strecken durch den Dammbachs- und Kohlgrund nach Blankenhain bzw. nach Tiefengruben, Tonndorf und Hohenfelden.<br \/>F\u00fcr alle die schonend \u2013 zugleich aber hocheffektiv \u2013 zu mehr Fitness gelangen wollen, ist Nordic Walking die richtige Sportart. Es bewirkt einen deutlichen Muskelauf- und Gewichtsabbau, beugt Krankheiten wie Bluthochdruck, Herzinfarkt und Diabetes vor. Es ist f\u00fcr Anf\u00e4nger jeder Altersstufe und f\u00fcr Unge\u00fcbte leicht erlernbar.<br \/>Kr\u00f6nender Abschluss eines Fitnesstrainings ist ein z\u00fcnftiges Kneippbad im Kurpark Bad Berka. Der unterschiedlich strukturierte Belag (Sand, Kiesel, Rasen) regt die Durchblutung an und intensiviert die Wirkung des Wassertretens in dem modernen Kneippbecken.<\/p><\/div>\n\t\t\t\t<\/div>\n\t\t\t\t\t\t\t<div class=\"elementor-toggle-item\">\n\t\t\t\t\t<div id=\"elementor-tab-title-1673\" class=\"elementor-tab-title\" data-tab=\"3\" role=\"button\" aria-controls=\"elementor-tab-content-1673\" aria-expanded=\"false\">\n\t\t\t\t\t\t\t\t\t\t\t\t<span class=\"elementor-toggle-icon elementor-toggle-icon-left\" aria-hidden=\"true\">\n\t\t\t\t\t\t\t\t\t\t\t\t\t\t\t<span class=\"elementor-toggle-icon-closed\"><svg class=\"e-font-icon-svg e-fas-caret-right\" viewbox=\"0 0 192 512\" xmlns=\"http:\/\/www.w3.org\/2000\/svg\"><path d=\"M0 384.662V127.338c0-17.818 21.543-26.741 34.142-14.142l128.662 128.662c7.81 7.81 7.81 20.474 0 28.284L34.142 398.804C21.543 411.404 0 402.48 0 384.662z\"><\/path><\/svg><\/span>\n\t\t\t\t\t\t\t\t<span class=\"elementor-toggle-icon-opened\"><svg class=\"elementor-toggle-icon-opened e-font-icon-svg e-fas-caret-up\" viewbox=\"0 0 320 512\" xmlns=\"http:\/\/www.w3.org\/2000\/svg\"><path d=\"M288.662 352H31.338c-17.818 0-26.741-21.543-14.142-34.142l128.662-128.662c7.81-7.81 20.474-7.81 28.284 0l128.662 128.662c12.6 12.599 3.676 34.142-14.142 34.142z\"><\/path><\/svg><\/span>\n\t\t\t\t\t\t\t\t\t\t\t\t\t<\/span>\n\t\t\t\t\t\t\t\t\t\t\t\t<a class=\"elementor-toggle-title\" tabindex=\"0\">Inline Skaten<\/a>\n\t\t\t\t\t<\/div>\n\n\t\t\t\t\t<div id=\"elementor-tab-content-1673\" class=\"elementor-tab-content elementor-clearfix\" data-tab=\"3\" role=\"region\" aria-labelledby=\"elementor-tab-title-1673\"><p>Inline Skaten erfreut sich einer immer gr\u00f6\u00dferen Beliebtheit. Um Bad Berka eignen sich besonders die asphaltierten Strecken im Dammbachs- und Kohlgrund sowie auf dem Ilmradweg zwischen Tannroda und Kranichfeld.<\/p><\/div>\n\t\t\t\t<\/div>\n\t\t\t\t\t\t\t<div class=\"elementor-toggle-item\">\n\t\t\t\t\t<div id=\"elementor-tab-title-1674\" class=\"elementor-tab-title\" data-tab=\"4\" role=\"button\" aria-controls=\"elementor-tab-content-1674\" aria-expanded=\"false\">\n\t\t\t\t\t\t\t\t\t\t\t\t<span class=\"elementor-toggle-icon elementor-toggle-icon-left\" aria-hidden=\"true\">\n\t\t\t\t\t\t\t\t\t\t\t\t\t\t\t<span class=\"elementor-toggle-icon-closed\"><svg class=\"e-font-icon-svg e-fas-caret-right\" viewbox=\"0 0 192 512\" xmlns=\"http:\/\/www.w3.org\/2000\/svg\"><path d=\"M0 384.662V127.338c0-17.818 21.543-26.741 34.142-14.142l128.662 128.662c7.81 7.81 7.81 20.474 0 28.284L34.142 398.804C21.543 411.404 0 402.48 0 384.662z\"><\/path><\/svg><\/span>\n\t\t\t\t\t\t\t\t<span class=\"elementor-toggle-icon-opened\"><svg class=\"elementor-toggle-icon-opened e-font-icon-svg e-fas-caret-up\" viewbox=\"0 0 320 512\" xmlns=\"http:\/\/www.w3.org\/2000\/svg\"><path d=\"M288.662 352H31.338c-17.818 0-26.741-21.543-14.142-34.142l128.662-128.662c7.81-7.81 20.474-7.81 28.284 0l128.662 128.662c12.6 12.599 3.676 34.142-14.142 34.142z\"><\/path><\/svg><\/span>\n\t\t\t\t\t\t\t\t\t\t\t\t\t<\/span>\n\t\t\t\t\t\t\t\t\t\t\t\t<a class=\"elementor-toggle-title\" tabindex=\"0\">Kletterwald Hohenfelden<\/a>\n\t\t\t\t\t<\/div>\n\n\t\t\t\t\t<div id=\"elementor-tab-content-1674\" class=\"elementor-tab-content elementor-clearfix\" data-tab=\"4\" role=\"region\" aria-labelledby=\"elementor-tab-title-1674\"><p>Der Kletterwald Hohenfelden ist ein absolut einmaliges Freizeitvergn\u00fcgen f\u00fcr nahezu jeden! An 82 Kletterelementen Spa\u00df, Abenteuer und Action erleben. Von der Netzbr\u00fccke \u00fcber schwankende Bohlen bis zum Tarzan-Seil m\u00fcsst Ihr ganz unterschiedliche Aufgaben l\u00f6sen. Es geht immer von Baum zu Baum, Schritt f\u00fcr Schritt, auf f\u00fcnf Parcours mit wachsendem Schwierigkeitsgrad.<br \/>Quelle: Kletterwald Hohenfelden,Stausee Hohenfelden, 99448 Hohenfelden www.kletterwald-hohenfelden.de<\/p><\/div>\n\t\t\t\t<\/div>\n\t\t\t\t\t\t\t<div class=\"elementor-toggle-item\">\n\t\t\t\t\t<div id=\"elementor-tab-title-1675\" class=\"elementor-tab-title\" data-tab=\"5\" role=\"button\" aria-controls=\"elementor-tab-content-1675\" aria-expanded=\"false\">\n\t\t\t\t\t\t\t\t\t\t\t\t<span class=\"elementor-toggle-icon elementor-toggle-icon-left\" aria-hidden=\"true\">\n\t\t\t\t\t\t\t\t\t\t\t\t\t\t\t<span class=\"elementor-toggle-icon-closed\"><svg class=\"e-font-icon-svg e-fas-caret-right\" viewbox=\"0 0 192 512\" xmlns=\"http:\/\/www.w3.org\/2000\/svg\"><path d=\"M0 384.662V127.338c0-17.818 21.543-26.741 34.142-14.142l128.662 128.662c7.81 7.81 7.81 20.474 0 28.284L34.142 398.804C21.543 411.404 0 402.48 0 384.662z\"><\/path><\/svg><\/span>\n\t\t\t\t\t\t\t\t<span class=\"elementor-toggle-icon-opened\"><svg class=\"elementor-toggle-icon-opened e-font-icon-svg e-fas-caret-up\" viewbox=\"0 0 320 512\" xmlns=\"http:\/\/www.w3.org\/2000\/svg\"><path d=\"M288.662 352H31.338c-17.818 0-26.741-21.543-14.142-34.142l128.662-128.662c7.81-7.81 20.474-7.81 28.284 0l128.662 128.662c12.6 12.599 3.676 34.142-14.142 34.142z\"><\/path><\/svg><\/span>\n\t\t\t\t\t\t\t\t\t\t\t\t\t<\/span>\n\t\t\t\t\t\t\t\t\t\t\t\t<a class=\"elementor-toggle-title\" tabindex=\"0\">Freibad\/ Hallenbad\/ Therme\/ Sauna<\/a>\n\t\t\t\t\t<\/div>\n\n\t\t\t\t\t<div id=\"elementor-tab-content-1675\" class=\"elementor-tab-content elementor-clearfix\" data-tab=\"5\" role=\"region\" aria-labelledby=\"elementor-tab-title-1675\"><p>Am Stadtrand in einer sch\u00f6nen waldreichen Gegend befindet sich das moderne Freibad der Stadt Bad Berka.<br \/>Das Schwimmbecken ist unterteilt in ein Sportbad, mit 50 m Bahnen und einen gro\u00dfen Nichtschwimmerbereich. Die angrenzende Sprungturmanlage verf\u00fcgt \u00fcber Sprungt\u00fcrme mit H\u00f6hen von 5 m, 3 m und 1 m. Das Kinderplanschbecken ist separat angelegt und mit einem Segel \u00fcberspannt, welches Schutz vor Sonneneinstrahlung bietet. Zusammen mit dem gro\u00dfen Kinderspielplatz bietet das Freibad somit mehrere M\u00f6glichkeiten, dass sich die Kleinen so richtig austoben k\u00f6nnen.<br \/>Zum Verweilen l\u00e4dt die gro\u00dfe Liegewiese mit Sonnen- und Schattenbereich ein. Der Beach- und der Volleyballplatz sowie die Tischtennisplatten runden das Angebot ab und bieten auch au\u00dferhalb des Wassers M\u00f6glichkeiten zur aktiven Freizeitgestaltung.<br \/>\u00d6ffnungszeiten: 14. Mai \u2013 15. September von 09:00 \u2013 20:00 Uhr ge\u00f6ffnet<\/p><\/div>\n\t\t\t\t<\/div>\n\t\t\t\t\t\t\t<div class=\"elementor-toggle-item\">\n\t\t\t\t\t<div id=\"elementor-tab-title-1676\" class=\"elementor-tab-title\" data-tab=\"6\" role=\"button\" aria-controls=\"elementor-tab-content-1676\" aria-expanded=\"false\">\n\t\t\t\t\t\t\t\t\t\t\t\t<span class=\"elementor-toggle-icon elementor-toggle-icon-left\" aria-hidden=\"true\">\n\t\t\t\t\t\t\t\t\t\t\t\t\t\t\t<span class=\"elementor-toggle-icon-closed\"><svg class=\"e-font-icon-svg e-fas-caret-right\" viewbox=\"0 0 192 512\" xmlns=\"http:\/\/www.w3.org\/2000\/svg\"><path d=\"M0 384.662V127.338c0-17.818 21.543-26.741 34.142-14.142l128.662 128.662c7.81 7.81 7.81 20.474 0 28.284L34.142 398.804C21.543 411.404 0 402.48 0 384.662z\"><\/path><\/svg><\/span>\n\t\t\t\t\t\t\t\t<span class=\"elementor-toggle-icon-opened\"><svg class=\"elementor-toggle-icon-opened e-font-icon-svg e-fas-caret-up\" viewbox=\"0 0 320 512\" xmlns=\"http:\/\/www.w3.org\/2000\/svg\"><path d=\"M288.662 352H31.338c-17.818 0-26.741-21.543-14.142-34.142l128.662-128.662c7.81-7.81 20.474-7.81 28.284 0l128.662 128.662c12.6 12.599 3.676 34.142-14.142 34.142z\"><\/path><\/svg><\/span>\n\t\t\t\t\t\t\t\t\t\t\t\t\t<\/span>\n\t\t\t\t\t\t\t\t\t\t\t\t<a class=\"elementor-toggle-title\" tabindex=\"0\">Erlebnisbad Blankenhain<\/a>\n\t\t\t\t\t<\/div>\n\n\t\t\t\t\t<div id=\"elementor-tab-content-1676\" class=\"elementor-tab-content elementor-clearfix\" data-tab=\"6\" role=\"region\" aria-labelledby=\"elementor-tab-title-1676\"><p>G\u00f6nnen Sie sich einfach mal was Gutes \u2013 vielleicht einen Erlebnistag in unserem sch\u00f6nen \u201eErlebnisbad am Wald\u201c \u2013 \u201eTauchen\u201c Sie ab und lassen die \u201eSeele einfach mal baumeln\u201c oder sind Sie aktiv t\u00e4tig in unserem Sportbereich!<br \/>Im Sportbereich befinden sich sechs 25-Meter-Bahnen und eine Sprunganlage mit einem 1-Meter-Sprungbrett sowie einer 3-Meter Sprungplattform. Die maximale Tiefe des Mehrzweck-Sport-Beckens betr\u00e4gt 2 Meter und die Sprunggrube 3,70 Meter. Der Erlebnisbereich bietet neben einer W\u00e4rmehalle mit Einschwimmkanal, f\u00fcnf Unterwassermassaged\u00fcsen, einen Wasserpilz, Wasserkanone, Breitspeier, eine Unterwassersitzbank mit Luftsprudel, eine Whirlliege, zwei r\u00f6mische und eine einfache Einstiegstreppe sowie eine 19 Meter lange und 4 Meter breite Gro\u00dfrutsche. Das Kinderplanschbecken ist mit der Kinderrutsche \u201eAlifant\u201c und dem Spritznashorn \u201eBubu\u201c ausgestattet. Das Badebecken besteht aus zwei miteinander verbundenen Bereichen.<br \/>Die lustige Clowndusche \u201eElbrauso\u201c, gepflegte Gr\u00fcnanlagen, Liegewiese, Volleyballplatz und Spielger\u00e4te runden das Bild im Au\u00dfenbereich ab. Im Sanit\u00e4rbereich finden Sie moderne Toiletten, Warm- und Kaltduschen, Mutter-Kind Bereich mit Still- und Wickelraum, behindertengerechte Toiletten, Warmdusche und Umkleideraum. Ein Imbiss mit Biergarten l\u00e4dt zum Verweilen ein. Und last but not least k\u00f6nnen Sie direkt \u201evor der T\u00fcr\u201c parken.<\/p><\/div>\n\t\t\t\t<\/div>\n\t\t\t\t\t\t\t<div class=\"elementor-toggle-item\">\n\t\t\t\t\t<div id=\"elementor-tab-title-1677\" class=\"elementor-tab-title\" data-tab=\"7\" role=\"button\" aria-controls=\"elementor-tab-content-1677\" aria-expanded=\"false\">\n\t\t\t\t\t\t\t\t\t\t\t\t<span class=\"elementor-toggle-icon elementor-toggle-icon-left\" aria-hidden=\"true\">\n\t\t\t\t\t\t\t\t\t\t\t\t\t\t\t<span class=\"elementor-toggle-icon-closed\"><svg class=\"e-font-icon-svg e-fas-caret-right\" viewbox=\"0 0 192 512\" xmlns=\"http:\/\/www.w3.org\/2000\/svg\"><path d=\"M0 384.662V127.338c0-17.818 21.543-26.741 34.142-14.142l128.662 128.662c7.81 7.81 7.81 20.474 0 28.284L34.142 398.804C21.543 411.404 0 402.48 0 384.662z\"><\/path><\/svg><\/span>\n\t\t\t\t\t\t\t\t<span class=\"elementor-toggle-icon-opened\"><svg class=\"elementor-toggle-icon-opened e-font-icon-svg e-fas-caret-up\" viewbox=\"0 0 320 512\" xmlns=\"http:\/\/www.w3.org\/2000\/svg\"><path d=\"M288.662 352H31.338c-17.818 0-26.741-21.543-14.142-34.142l128.662-128.662c7.81-7.81 20.474-7.81 28.284 0l128.662 128.662c12.6 12.599 3.676 34.142-14.142 34.142z\"><\/path><\/svg><\/span>\n\t\t\t\t\t\t\t\t\t\t\t\t\t<\/span>\n\t\t\t\t\t\t\t\t\t\t\t\t<a class=\"elementor-toggle-title\" tabindex=\"0\">Avenida-Therme Hohenfelden<\/a>\n\t\t\t\t\t<\/div>\n\n\t\t\t\t\t<div id=\"elementor-tab-content-1677\" class=\"elementor-tab-content elementor-clearfix\" data-tab=\"7\" role=\"region\" aria-labelledby=\"elementor-tab-title-1677\"><p>Mitten im Freizeitpark Stausee Hohenfelden liegt ein Paradies, das Sie einl\u00e4dt in eine einzigartige Welt voll Spa\u00df, Unterhaltung, Entspannung, Wellness und Wohlbefinden -mit der Familie, mit Freunden oder auch alleine. Gro\u00dfe und kleine Wasserratten kommen in der Innen- und Au\u00dfentherme mit rund 1.000 Quadratmeter Wasserfl\u00e4che voll auf ihre Kosten.<br \/>F\u00fcr Fun, Aktion und \u00dcberraschung sorgen zahlreiche Attraktionen im und rund ums Wasser. Mit Ruhe, Entspannung und Gesundheit verw\u00f6hnt Sie die traumhaft sch\u00f6n angelegte Saunenwelt im Stil der Balearen. In f\u00fcnf verschiedenen Saunen sowie Dampf- und Regenerationsb\u00e4dern k\u00f6nnen Sie ganz nach Lust und Laune dem hei\u00df-kalten Vergn\u00fcgen fr\u00f6nen.<br \/>Das ultimative Verw\u00f6hnprogramm erwartet Sie in unserer Wellnessoase. Unter den H\u00e4nden fachkundiger Masseure, bei einem orientalischen Hamam, einem pflegenden Kleopatrabad oder einer stimulierenden Softpack-Anwendung vergessen Sie garantiert Stress und Hektik des Alltags.<br \/>Selbstverst\u00e4ndlich k\u00f6nnen Sie in der Avenida-Therme das Leben auch von der kulinarischen Seite voll auskosten \u2013 an der Poolbar, im Free-Flow-Restaurant und an der Saunabar. Quelle: Avenida-Therme Betriebsgesellschaft mbH, Am Stausee 1, D-99448 Hohenfelden<\/p><\/div>\n\t\t\t\t<\/div>\n\t\t\t\t\t\t\t<div class=\"elementor-toggle-item\">\n\t\t\t\t\t<div id=\"elementor-tab-title-1678\" class=\"elementor-tab-title\" data-tab=\"8\" role=\"button\" aria-controls=\"elementor-tab-content-1678\" aria-expanded=\"false\">\n\t\t\t\t\t\t\t\t\t\t\t\t<span class=\"elementor-toggle-icon elementor-toggle-icon-left\" aria-hidden=\"true\">\n\t\t\t\t\t\t\t\t\t\t\t\t\t\t\t<span class=\"elementor-toggle-icon-closed\"><svg class=\"e-font-icon-svg e-fas-caret-right\" viewbox=\"0 0 192 512\" xmlns=\"http:\/\/www.w3.org\/2000\/svg\"><path d=\"M0 384.662V127.338c0-17.818 21.543-26.741 34.142-14.142l128.662 128.662c7.81 7.81 7.81 20.474 0 28.284L34.142 398.804C21.543 411.404 0 402.48 0 384.662z\"><\/path><\/svg><\/span>\n\t\t\t\t\t\t\t\t<span class=\"elementor-toggle-icon-opened\"><svg class=\"elementor-toggle-icon-opened e-font-icon-svg e-fas-caret-up\" viewbox=\"0 0 320 512\" xmlns=\"http:\/\/www.w3.org\/2000\/svg\"><path d=\"M288.662 352H31.338c-17.818 0-26.741-21.543-14.142-34.142l128.662-128.662c7.81-7.81 20.474-7.81 28.284 0l128.662 128.662c12.6 12.599 3.676 34.142-14.142 34.142z\"><\/path><\/svg><\/span>\n\t\t\t\t\t\t\t\t\t\t\t\t\t<\/span>\n\t\t\t\t\t\t\t\t\t\t\t\t<a class=\"elementor-toggle-title\" tabindex=\"0\">Kneippanlagen\/ Kurangebote Bad Berka<\/a>\n\t\t\t\t\t<\/div>\n\n\t\t\t\t\t<div id=\"elementor-tab-content-1678\" class=\"elementor-tab-content elementor-clearfix\" data-tab=\"8\" role=\"region\" aria-labelledby=\"elementor-tab-title-1678\"><p>Kneipp-Anlage am Goethebrunnen<br \/>Das heilsame Wasser des Goethebrunnens am Eingang des Bad Berkaer Kurparks entfaltet seine Wirkung nicht nur bei der Trinkkur. Es umspielt Beine und Arme auch in der 2005 er\u00f6ffneten Kneipp-Anlage direkt neben dem Brunnen. Wassertreten wirkt tags\u00fcber erfrischend und abends beruhigend, st\u00e4rkt Kreislauf und Immunsystem. Ein Barfu\u00dfpfad mit unterschiedlich strukturierten Bel\u00e4gen regt zus\u00e4tzlich die Durchblutung an und intensiviert die Wirkung des Wassertretens.<br \/>Kneippbecken im Dammbachsgrund<br \/>Bad Berkas 2. Kneipp-Tretbecken befindet sich auf dem Carl-Alexander-Platz, mitten in dem idyllischen Waldtal des Dammbachsgrundes. Das 2009 er\u00f6ffnete Naturbecken bietet eine ideale M\u00f6glichkeit zur Abk\u00fchlung w\u00e4hrend eines Spazierganges, einer Wanderung, Rad- oder Nordic-Walking-Tour. Die Carl-Friedrich-Quelle in unmittelbarer Nachbarschaft des Kneippbeckens geh\u00f6rt zu den beliebten Waldquellen des Dammbachsgrundes.<br \/>Kneippbecken am Gottesbr\u00fcnnlein<br \/>Ein echter Geheimtipp ist die dritte Kneipp-Anlage unterhalb des Gottesbr\u00fcnnleins. In Betrieb genommen wurde sie am 31. August 2010. Das idyllisch im Wald gelegene Tretbecken entstand in enger Zusammenarbeit zwischen Stadtverwaltung und Forstamt Bad Berka. Ideal f\u00fcr eine kr\u00e4ftige Durchblutung nach dem Wassertreten ist anschlie\u00dfendes Barfu\u00dflaufen \u00fcber Fichtenzapfen, durch Schlamm und auf dem nat\u00fcrlichen Waldboden.<br \/>(siehe auch Kneipp-Rundweg Bad Berka)<\/p><\/div>\n\t\t\t\t<\/div>\n\t\t\t\t\t\t\t<div class=\"elementor-toggle-item\">\n\t\t\t\t\t<div id=\"elementor-tab-title-1679\" class=\"elementor-tab-title\" data-tab=\"9\" role=\"button\" aria-controls=\"elementor-tab-content-1679\" aria-expanded=\"false\">\n\t\t\t\t\t\t\t\t\t\t\t\t<span class=\"elementor-toggle-icon elementor-toggle-icon-left\" aria-hidden=\"true\">\n\t\t\t\t\t\t\t\t\t\t\t\t\t\t\t<span class=\"elementor-toggle-icon-closed\"><svg class=\"e-font-icon-svg e-fas-caret-right\" viewbox=\"0 0 192 512\" xmlns=\"http:\/\/www.w3.org\/2000\/svg\"><path d=\"M0 384.662V127.338c0-17.818 21.543-26.741 34.142-14.142l128.662 128.662c7.81 7.81 7.81 20.474 0 28.284L34.142 398.804C21.543 411.404 0 402.48 0 384.662z\"><\/path><\/svg><\/span>\n\t\t\t\t\t\t\t\t<span class=\"elementor-toggle-icon-opened\"><svg class=\"elementor-toggle-icon-opened e-font-icon-svg e-fas-caret-up\" viewbox=\"0 0 320 512\" xmlns=\"http:\/\/www.w3.org\/2000\/svg\"><path d=\"M288.662 352H31.338c-17.818 0-26.741-21.543-14.142-34.142l128.662-128.662c7.81-7.81 20.474-7.81 28.284 0l128.662 128.662c12.6 12.599 3.676 34.142-14.142 34.142z\"><\/path><\/svg><\/span>\n\t\t\t\t\t\t\t\t\t\t\t\t\t<\/span>\n\t\t\t\t\t\t\t\t\t\t\t\t<a class=\"elementor-toggle-title\" tabindex=\"0\">Kegelbahnen<\/a>\n\t\t\t\t\t<\/div>\n\n\t\t\t\t\t<div id=\"elementor-tab-content-1679\" class=\"elementor-tab-content elementor-clearfix\" data-tab=\"9\" role=\"region\" aria-labelledby=\"elementor-tab-title-1679\"><p class=\"x_MsoNormal\">Zum Zeughaus Bad Berka, Kegelbahn \u00a0<\/p><p class=\"x_MsoNormal\">Super-Bowl-Center Weimar-Atrium<br \/>Die 12-Bahnen-Bowlinganlage mit modernster Bowlingtechnik ist besonders f\u00fcr Familien geeignet. Der gastronomische Bereich h\u00e4lt ein umfangreiches Speise- und Getr\u00e4nkeangebot bereit. T\u00e4glich gibt es Schulklassen-, Touristen- und Jugendherbergsangebote. Auch f\u00fcr Kindergeburtstage und Familienfeiern bietet die Anlage beste Voraussetzungen. F\u00fcr die kleineren G\u00e4ste stehen leichte Bowlingb\u00e4lle zur Verf\u00fcgung und Banden werden auf Wunsch automatisch hochgeklappt.<\/p><\/div>\n\t\t\t\t<\/div>\n\t\t\t\t\t\t\t<div class=\"elementor-toggle-item\">\n\t\t\t\t\t<div id=\"elementor-tab-title-16710\" class=\"elementor-tab-title\" data-tab=\"10\" role=\"button\" aria-controls=\"elementor-tab-content-16710\" aria-expanded=\"false\">\n\t\t\t\t\t\t\t\t\t\t\t\t<span class=\"elementor-toggle-icon elementor-toggle-icon-left\" aria-hidden=\"true\">\n\t\t\t\t\t\t\t\t\t\t\t\t\t\t\t<span class=\"elementor-toggle-icon-closed\"><svg class=\"e-font-icon-svg e-fas-caret-right\" viewbox=\"0 0 192 512\" xmlns=\"http:\/\/www.w3.org\/2000\/svg\"><path d=\"M0 384.662V127.338c0-17.818 21.543-26.741 34.142-14.142l128.662 128.662c7.81 7.81 7.81 20.474 0 28.284L34.142 398.804C21.543 411.404 0 402.48 0 384.662z\"><\/path><\/svg><\/span>\n\t\t\t\t\t\t\t\t<span class=\"elementor-toggle-icon-opened\"><svg class=\"elementor-toggle-icon-opened e-font-icon-svg e-fas-caret-up\" viewbox=\"0 0 320 512\" xmlns=\"http:\/\/www.w3.org\/2000\/svg\"><path d=\"M288.662 352H31.338c-17.818 0-26.741-21.543-14.142-34.142l128.662-128.662c7.81-7.81 20.474-7.81 28.284 0l128.662 128.662c12.6 12.599 3.676 34.142-14.142 34.142z\"><\/path><\/svg><\/span>\n\t\t\t\t\t\t\t\t\t\t\t\t\t<\/span>\n\t\t\t\t\t\t\t\t\t\t\t\t<a class=\"elementor-toggle-title\" tabindex=\"0\">Geocaching<\/a>\n\t\t\t\t\t<\/div>\n\n\t\t\t\t\t<div id=\"elementor-tab-content-16710\" class=\"elementor-tab-content elementor-clearfix\" data-tab=\"10\" role=\"region\" aria-labelledby=\"elementor-tab-title-16710\"><p>Mit dem GPS auf Schatzsuche durch Bad Berka, Blankenhain, Kranichfeld und Umgebung. Das ist ein besonderer Freizeitspa\u00df f\u00fcr Kinder und Erwachsene. Infos erhalten Sie bei der Kurverwaltung Bad Berka.<\/p><\/div>\n\t\t\t\t<\/div>\n\t\t\t\t\t\t\t<div class=\"elementor-toggle-item\">\n\t\t\t\t\t<div id=\"elementor-tab-title-16711\" class=\"elementor-tab-title\" data-tab=\"11\" role=\"button\" aria-controls=\"elementor-tab-content-16711\" aria-expanded=\"false\">\n\t\t\t\t\t\t\t\t\t\t\t\t<span class=\"elementor-toggle-icon elementor-toggle-icon-left\" aria-hidden=\"true\">\n\t\t\t\t\t\t\t\t\t\t\t\t\t\t\t<span class=\"elementor-toggle-icon-closed\"><svg class=\"e-font-icon-svg e-fas-caret-right\" viewbox=\"0 0 192 512\" xmlns=\"http:\/\/www.w3.org\/2000\/svg\"><path d=\"M0 384.662V127.338c0-17.818 21.543-26.741 34.142-14.142l128.662 128.662c7.81 7.81 7.81 20.474 0 28.284L34.142 398.804C21.543 411.404 0 402.48 0 384.662z\"><\/path><\/svg><\/span>\n\t\t\t\t\t\t\t\t<span class=\"elementor-toggle-icon-opened\"><svg class=\"elementor-toggle-icon-opened e-font-icon-svg e-fas-caret-up\" viewbox=\"0 0 320 512\" xmlns=\"http:\/\/www.w3.org\/2000\/svg\"><path d=\"M288.662 352H31.338c-17.818 0-26.741-21.543-14.142-34.142l128.662-128.662c7.81-7.81 20.474-7.81 28.284 0l128.662 128.662c12.6 12.599 3.676 34.142-14.142 34.142z\"><\/path><\/svg><\/span>\n\t\t\t\t\t\t\t\t\t\t\t\t\t<\/span>\n\t\t\t\t\t\t\t\t\t\t\t\t<a class=\"elementor-toggle-title\" tabindex=\"0\">Golf<\/a>\n\t\t\t\t\t<\/div>\n\n\t\t\t\t\t<div id=\"elementor-tab-content-16711\" class=\"elementor-tab-content elementor-clearfix\" data-tab=\"11\" role=\"region\" aria-labelledby=\"elementor-tab-title-16711\"><p>Vor den Toren Weimars, auf dem historischen Gut Krakau bei Blankenhain finden Sie die spektakul\u00e4re 45-Loch Golfanlage mit traumhafter Naturkulisse besteht aus zwei 18-Loch Golfpl\u00e4tzen und einem 9-Loch Course. Durch die Kombination der zwei Pl\u00e4tze ergeben sich zudem drei Course-M\u00f6glichkeiten.<\/p><\/div>\n\t\t\t\t<\/div>\n\t\t\t\t\t\t\t<div class=\"elementor-toggle-item\">\n\t\t\t\t\t<div id=\"elementor-tab-title-16712\" class=\"elementor-tab-title\" data-tab=\"12\" role=\"button\" aria-controls=\"elementor-tab-content-16712\" aria-expanded=\"false\">\n\t\t\t\t\t\t\t\t\t\t\t\t<span class=\"elementor-toggle-icon elementor-toggle-icon-left\" aria-hidden=\"true\">\n\t\t\t\t\t\t\t\t\t\t\t\t\t\t\t<span class=\"elementor-toggle-icon-closed\"><svg class=\"e-font-icon-svg e-fas-caret-right\" viewbox=\"0 0 192 512\" xmlns=\"http:\/\/www.w3.org\/2000\/svg\"><path d=\"M0 384.662V127.338c0-17.818 21.543-26.741 34.142-14.142l128.662 128.662c7.81 7.81 7.81 20.474 0 28.284L34.142 398.804C21.543 411.404 0 402.48 0 384.662z\"><\/path><\/svg><\/span>\n\t\t\t\t\t\t\t\t<span class=\"elementor-toggle-icon-opened\"><svg class=\"elementor-toggle-icon-opened e-font-icon-svg e-fas-caret-up\" viewbox=\"0 0 320 512\" xmlns=\"http:\/\/www.w3.org\/2000\/svg\"><path d=\"M288.662 352H31.338c-17.818 0-26.741-21.543-14.142-34.142l128.662-128.662c7.81-7.81 20.474-7.81 28.284 0l128.662 128.662c12.6 12.599 3.676 34.142-14.142 34.142z\"><\/path><\/svg><\/span>\n\t\t\t\t\t\t\t\t\t\t\t\t\t<\/span>\n\t\t\t\t\t\t\t\t\t\t\t\t<a class=\"elementor-toggle-title\" tabindex=\"0\">Reiten<\/a>\n\t\t\t\t\t<\/div>\n\n\t\t\t\t\t<div id=\"elementor-tab-content-16712\" class=\"elementor-tab-content elementor-clearfix\" data-tab=\"12\" role=\"region\" aria-labelledby=\"elementor-tab-title-16712\"><p>Hengstberghof Hetschburg<br \/>Der Hengstbachhof liegt im idyllischen Landschaftsschutzgebiet \u201eMittleres Ilmtal\u201c an der M\u00fcndung des Hengstbaches in die Ilm. Hetschburg findet sich eingebettet in Wiesen, W\u00e4lder, Felder und die Ilmaue mit sch\u00f6nsten Wegen und dennoch in unmittelbarer N\u00e4he zu den Attraktionen der Kulturstadt Weimar.<br \/>Pferde:Trakehner, Hannoveraner, Th\u00fcringer u. a. Warmbl\u00fcter<br \/>Reitunterricht \/ Reitausbildung<br \/>Reitplatz und Reithalle<br \/>Pensionspferde<br \/>Reiterst\u00fcbchen<br \/>Abzeichenpr\u00fcfung und Dressurlehrg\u00e4nge<br \/>FN gepr\u00fcft<\/p><\/div>\n\t\t\t\t<\/div>\n\t\t\t\t\t\t\t<div class=\"elementor-toggle-item\">\n\t\t\t\t\t<div id=\"elementor-tab-title-16713\" class=\"elementor-tab-title\" data-tab=\"13\" role=\"button\" aria-controls=\"elementor-tab-content-16713\" aria-expanded=\"false\">\n\t\t\t\t\t\t\t\t\t\t\t\t<span class=\"elementor-toggle-icon elementor-toggle-icon-left\" aria-hidden=\"true\">\n\t\t\t\t\t\t\t\t\t\t\t\t\t\t\t<span class=\"elementor-toggle-icon-closed\"><svg class=\"e-font-icon-svg e-fas-caret-right\" viewbox=\"0 0 192 512\" xmlns=\"http:\/\/www.w3.org\/2000\/svg\"><path d=\"M0 384.662V127.338c0-17.818 21.543-26.741 34.142-14.142l128.662 128.662c7.81 7.81 7.81 20.474 0 28.284L34.142 398.804C21.543 411.404 0 402.48 0 384.662z\"><\/path><\/svg><\/span>\n\t\t\t\t\t\t\t\t<span class=\"elementor-toggle-icon-opened\"><svg class=\"elementor-toggle-icon-opened e-font-icon-svg e-fas-caret-up\" viewbox=\"0 0 320 512\" xmlns=\"http:\/\/www.w3.org\/2000\/svg\"><path d=\"M288.662 352H31.338c-17.818 0-26.741-21.543-14.142-34.142l128.662-128.662c7.81-7.81 20.474-7.81 28.284 0l128.662 128.662c12.6 12.599 3.676 34.142-14.142 34.142z\"><\/path><\/svg><\/span>\n\t\t\t\t\t\t\t\t\t\t\t\t\t<\/span>\n\t\t\t\t\t\t\t\t\t\t\t\t<a class=\"elementor-toggle-title\" tabindex=\"0\">Surfen \/ Bootsverleih \/ Bungee \u2013 Trampolin<\/a>\n\t\t\t\t\t<\/div>\n\n\t\t\t\t\t<div id=\"elementor-tab-content-16713\" class=\"elementor-tab-content elementor-clearfix\" data-tab=\"13\" role=\"region\" aria-labelledby=\"elementor-tab-title-16713\"><p>Stausee Hohenfelden<br \/>Wer tr\u00e4umt nicht davon mit seinem Partner, einmal in einem Ruderboot \u00fcber einen romantischen See geschippert zu sein? Wie viele Kinder wollen auch einmal als Kapit\u00e4n \u00fcber ihr eigenes Boot herrschen?<br \/>Wir machen es m\u00f6glich, denn in unserem Bootsverleih k\u00f6nnen Sie von Mai bis Oktober Ihr Traumboot ausleihen. Viel Spa\u00df zum kleinen Preis.<br \/>Bungee-Trampolin, Die zur Zeit erfolgreichste Mitmachaktion f\u00fcr Teilnehmer aller Altersklassen. F\u00fcr alle die den Nervenkitzel sp\u00fcren wollen ohne auf Ihre Sicherheit zu verzichten ist unser Bungee \u2013 Trampolin genau das richtige. In der Sommersaison k\u00f6nnen sie jeden Tag bis zu 9 Meter hohe Spr\u00fcnge, lange Flugphasen und dabei weiche Landungen erleben. Dabei gehen Sie keinerlei Risiko ein, sich weh zu tun. Der Sonne ein St\u00fcckchen n\u00e4her- Spa\u00df pur!<\/p><\/div>\n\t\t\t\t<\/div>\n\t\t\t\t\t\t\t<div class=\"elementor-toggle-item\">\n\t\t\t\t\t<div id=\"elementor-tab-title-16714\" class=\"elementor-tab-title\" data-tab=\"14\" role=\"button\" aria-controls=\"elementor-tab-content-16714\" aria-expanded=\"false\">\n\t\t\t\t\t\t\t\t\t\t\t\t<span class=\"elementor-toggle-icon elementor-toggle-icon-left\" aria-hidden=\"true\">\n\t\t\t\t\t\t\t\t\t\t\t\t\t\t\t<span class=\"elementor-toggle-icon-closed\"><svg class=\"e-font-icon-svg e-fas-caret-right\" viewbox=\"0 0 192 512\" xmlns=\"http:\/\/www.w3.org\/2000\/svg\"><path d=\"M0 384.662V127.338c0-17.818 21.543-26.741 34.142-14.142l128.662 128.662c7.81 7.81 7.81 20.474 0 28.284L34.142 398.804C21.543 411.404 0 402.48 0 384.662z\"><\/path><\/svg><\/span>\n\t\t\t\t\t\t\t\t<span class=\"elementor-toggle-icon-opened\"><svg class=\"elementor-toggle-icon-opened e-font-icon-svg e-fas-caret-up\" viewbox=\"0 0 320 512\" xmlns=\"http:\/\/www.w3.org\/2000\/svg\"><path d=\"M288.662 352H31.338c-17.818 0-26.741-21.543-14.142-34.142l128.662-128.662c7.81-7.81 20.474-7.81 28.284 0l128.662 128.662c12.6 12.599 3.676 34.142-14.142 34.142z\"><\/path><\/svg><\/span>\n\t\t\t\t\t\t\t\t\t\t\t\t\t<\/span>\n\t\t\t\t\t\t\t\t\t\t\t\t<a class=\"elementor-toggle-title\" tabindex=\"0\">Segelflugplatz Bad Berka<\/a>\n\t\t\t\t\t<\/div>\n\n\t\t\t\t\t<div id=\"elementor-tab-content-16714\" class=\"elementor-tab-content elementor-clearfix\" data-tab=\"14\" role=\"region\" aria-labelledby=\"elementor-tab-title-16714\"><p>Hoch hinaus kann man mit dem Segelflugzeug vom Bad Berkaer Flugplatz aus. Seit der Wiederer\u00f6ffnung im Jahre 1990 betreiben hier Luftsportfreunde aus Bad Berka, Weimar und Umgebung ihren anspruchsvollen Freizeitsport. Seither ist der Flugplatz in Bad Berka ein beliebtes Ziel f\u00fcr Streckenfl\u00fcge oder Fliegerlager von Fallschirmspringern, Segel und Motorfliegern aus allen Regionen Deutschlands und aus anderen L\u00e4ndern. Flugzeit ist f\u00fcr Segelflugzeuge von April bis Oktober. Die Motorsegler und der Ultra-Leicht-Flieger sind das ganze Jahr \u00fcber flugbereit, da sie auch im thermikschwachen Winter mit Hilfe des eigenen Motors fliegen k\u00f6nnen. Bei einem Rundflug mit dem Segelflugzeug, dem Motorsegler oder dem Ultra-Leicht Flieger bietet sich ein atemberaubender Blick auf die Kurstadt, deren Umgebung und die umliegenden St\u00e4dte und D\u00f6rfer.<\/p><\/div>\n\t\t\t\t<\/div>\n\t\t\t\t\t\t\t<div class=\"elementor-toggle-item\">\n\t\t\t\t\t<div id=\"elementor-tab-title-16715\" class=\"elementor-tab-title\" data-tab=\"15\" role=\"button\" aria-controls=\"elementor-tab-content-16715\" aria-expanded=\"false\">\n\t\t\t\t\t\t\t\t\t\t\t\t<span class=\"elementor-toggle-icon elementor-toggle-icon-left\" aria-hidden=\"true\">\n\t\t\t\t\t\t\t\t\t\t\t\t\t\t\t<span class=\"elementor-toggle-icon-closed\"><svg class=\"e-font-icon-svg e-fas-caret-right\" viewbox=\"0 0 192 512\" xmlns=\"http:\/\/www.w3.org\/2000\/svg\"><path d=\"M0 384.662V127.338c0-17.818 21.543-26.741 34.142-14.142l128.662 128.662c7.81 7.81 7.81 20.474 0 28.284L34.142 398.804C21.543 411.404 0 402.48 0 384.662z\"><\/path><\/svg><\/span>\n\t\t\t\t\t\t\t\t<span class=\"elementor-toggle-icon-opened\"><svg class=\"elementor-toggle-icon-opened e-font-icon-svg e-fas-caret-up\" viewbox=\"0 0 320 512\" xmlns=\"http:\/\/www.w3.org\/2000\/svg\"><path d=\"M288.662 352H31.338c-17.818 0-26.741-21.543-14.142-34.142l128.662-128.662c7.81-7.81 20.474-7.81 28.284 0l128.662 128.662c12.6 12.599 3.676 34.142-14.142 34.142z\"><\/path><\/svg><\/span>\n\t\t\t\t\t\t\t\t\t\t\t\t\t<\/span>\n\t\t\t\t\t\t\t\t\t\t\t\t<a class=\"elementor-toggle-title\" tabindex=\"0\">Tiergehege \/ Freizeitpark Stausee Hohenfelden<\/a>\n\t\t\t\t\t<\/div>\n\n\t\t\t\t\t<div id=\"elementor-tab-content-16715\" class=\"elementor-tab-content elementor-clearfix\" data-tab=\"15\" role=\"region\" aria-labelledby=\"elementor-tab-title-16715\"><p>In unserem Wildegehege k\u00f6nnen Sie zahlreiche Wild- und Waldtiere beobachten, wie zum Beispiel Damwild, Mufflons, Wildschweine und verschiedene einheimische V\u00f6gel.<br \/>Ein Highlight f\u00fcr alle Kleinen: man darf das Damwild mit selbstgesammelten Kastanien f\u00fcttern. Natur mal ganz nah.<\/p><\/div>\n\t\t\t\t<\/div>\n\t\t\t\t\t\t\t<div class=\"elementor-toggle-item\">\n\t\t\t\t\t<div id=\"elementor-tab-title-16716\" class=\"elementor-tab-title\" data-tab=\"16\" role=\"button\" aria-controls=\"elementor-tab-content-16716\" aria-expanded=\"false\">\n\t\t\t\t\t\t\t\t\t\t\t\t<span class=\"elementor-toggle-icon elementor-toggle-icon-left\" aria-hidden=\"true\">\n\t\t\t\t\t\t\t\t\t\t\t\t\t\t\t<span class=\"elementor-toggle-icon-closed\"><svg class=\"e-font-icon-svg e-fas-caret-right\" viewbox=\"0 0 192 512\" xmlns=\"http:\/\/www.w3.org\/2000\/svg\"><path d=\"M0 384.662V127.338c0-17.818 21.543-26.741 34.142-14.142l128.662 128.662c7.81 7.81 7.81 20.474 0 28.284L34.142 398.804C21.543 411.404 0 402.48 0 384.662z\"><\/path><\/svg><\/span>\n\t\t\t\t\t\t\t\t<span class=\"elementor-toggle-icon-opened\"><svg class=\"elementor-toggle-icon-opened e-font-icon-svg e-fas-caret-up\" viewbox=\"0 0 320 512\" xmlns=\"http:\/\/www.w3.org\/2000\/svg\"><path d=\"M288.662 352H31.338c-17.818 0-26.741-21.543-14.142-34.142l128.662-128.662c7.81-7.81 20.474-7.81 28.284 0l128.662 128.662c12.6 12.599 3.676 34.142-14.142 34.142z\"><\/path><\/svg><\/span>\n\t\t\t\t\t\t\t\t\t\t\t\t\t<\/span>\n\t\t\t\t\t\t\t\t\t\t\t\t<a class=\"elementor-toggle-title\" tabindex=\"0\">Adler- und Falkenhof Niederburg Kranichfeld<\/a>\n\t\t\t\t\t<\/div>\n\n\t\t\t\t\t<div id=\"elementor-tab-content-16716\" class=\"elementor-tab-content elementor-clearfix\" data-tab=\"16\" role=\"region\" aria-labelledby=\"elementor-tab-title-16716\"><p>Als erster Th\u00fcringer Adler- und Falkenhof wurde 1992 auf der Burg Greifenstein in Bad Blankenburg der Adler- und Falkenhof Sch\u00fctz gegr\u00fcndet. Wir sind im Jahr 2005 umgezogen und sind jetzt auf der Niederburg in Kranichfeld, Weimarer Land. In sch\u00f6ner Umgebung erleben Sie die Schnelligkeit des Wanderfalken, die Wendigkeit eines W\u00fcrgfalken, Sturzfl\u00fcge mit Adlern aus gro\u00dfen H\u00f6hen, die Gewandtheit der Milane, Bussarde u. a. Falkenarten, den lautlosen Flug des Uhus dicht \u00fcber den K\u00f6pfen der Besucher.<br \/>Eine Besonderheit ist der sagenumwobene Andenkondor. In einer der interessantesten Falknereien erfahren Sie Wissenswertes \u00fcber die Lebens- und Verhaltensweisen der Greifv\u00f6gel. Quelle: Falknerei Herbert Sch\u00fctz, Schlossgasse 18,, D-99448 Kranichfeld\/Th\u00fcringen Niederburg<\/p><\/div>\n\t\t\t\t<\/div>\n\t\t\t\t\t\t\t\t<\/div>\n\t\t\t\t\t\t<\/div>\n\t\t\t\t<\/div>\n\t\t\t\t<div class=\"elementor-element elementor-element-becb817 elementor-widget elementor-widget-text-editor\" data-id=\"becb817\" data-element_type=\"widget\" data-widget_type=\"text-editor.default\">\n\t\t\t\t<div class=\"elementor-widget-container\">\n\t\t\t\t\t\t\t\t\t<p><em>Quellen:<\/em><br \/><em>Kurverwaltung Bad Berka<\/em><br \/><em>Goetheallee 3<\/em><br \/><em>99438 Bad Berka<\/em><\/p><p><em>Fremdenverkehrsverband Weimarer Land e.V.<\/em><br \/><em>Gesch\u00e4ftsstelle Apolda<\/em><br \/><em>Bahnhofstra\u00dfe 28<\/em><br \/><em>99510 Apolda<\/em><\/p><p><em>Lindenstadt Blankenhain<\/em><br \/><em>Marktstr. 4<\/em><br \/><em>99444 Blankenhain<\/em><\/p><p><em>weimar GmbH<\/em><br \/><em>Gesellschaft f\u00fcr Wirtschaftsf\u00f6rderung,<\/em><br \/><em>Kongress- und Tourismusservice<\/em><br \/><em>Postfach 3727<\/em><br \/><em>D-99407 Weimar<\/em><\/p>\t\t\t\t\t\t\t\t<\/div>\n\t\t\t\t<\/div>\n\t\t\t\t\t<\/div>\n\t\t\t\t<\/div>\n\t\t\t\t<\/div>","protected":false},"excerpt":{"rendered":"<p>Sportliche Angebote in Bad Berka \/ Th\u00fcringen Wander- und Radwege Goethewanderweg Der 28 Kilometer lange Weg, der mit einem gro\u00dfen [&hellip;]<\/p>","protected":false},"author":1,"featured_media":0,"parent":24,"menu_order":0,"comment_status":"closed","ping_status":"closed","template":"","meta":{"site-sidebar-layout":"no-sidebar","site-content-layout":"","ast-site-content-layout":"full-width-container","site-content-style":"default","site-sidebar-style":"default","ast-global-header-display":"","ast-banner-title-visibility":"","ast-main-header-display":"","ast-hfb-above-header-display":"","ast-hfb-below-header-display":"","ast-hfb-mobile-header-display":"","site-post-title":"disabled","ast-breadcrumbs-content":"","ast-featured-img":"disabled","footer-sml-layout":"","theme-transparent-header-meta":"","adv-header-id-meta":"","stick-header-meta":"","header-above-stick-meta":"","header-main-stick-meta":"","header-below-stick-meta":"","astra-migrate-meta-layouts":"default","ast-page-background-enabled":"default","ast-page-background-meta":{"desktop":{"background-color":"var(--ast-global-color-4)","background-image":"","background-repeat":"repeat","background-position":"center center","background-size":"auto","background-attachment":"scroll","background-type":"","background-media":"","overlay-type":"","overlay-color":"","overlay-opacity":"","overlay-gradient":""},"tablet":{"background-color":"","background-image":"","background-repeat":"repeat","background-position":"center center","background-size":"auto","background-attachment":"scroll","background-type":"","background-media":"","overlay-type":"","overlay-color":"","overlay-opacity":"","overlay-gradient":""},"mobile":{"background-color":"","background-image":"","background-repeat":"repeat","background-position":"center center","background-size":"auto","background-attachment":"scroll","background-type":"","background-media":"","overlay-type":"","overlay-color":"","overlay-opacity":"","overlay-gradient":""}},"ast-content-background-meta":{"desktop":{"background-color":"var(--ast-global-color-5)","background-image":"","background-repeat":"repeat","background-position":"center center","background-size":"auto","background-attachment":"scroll","background-type":"","background-media":"","overlay-type":"","overlay-color":"","overlay-opacity":"","overlay-gradient":""},"tablet":{"background-color":"var(--ast-global-color-5)","background-image":"","background-repeat":"repeat","background-position":"center center","background-size":"auto","background-attachment":"scroll","background-type":"","background-media":"","overlay-type":"","overlay-color":"","overlay-opacity":"","overlay-gradient":""},"mobile":{"background-color":"var(--ast-global-color-5)","background-image":"","background-repeat":"repeat","background-position":"center center","background-size":"auto","background-attachment":"scroll","background-type":"","background-media":"","overlay-type":"","overlay-color":"","overlay-opacity":"","overlay-gradient":""}},"footnotes":""},"class_list":["post-30","page","type-page","status-publish","hentry"],"rankMath":{"parentDomain":"ferienwohnung-weimarerland.de","noFollowDomains":[],"noFollowExcludeDomains":[],"noFollowExternalLinks":false,"featuredImageNotice":"The featured image should be at least 200 by 200 pixels to be picked up by Facebook and other social media sites.","pluginReviewed":false,"postSettings":{"linkSuggestions":true,"useFocusKeyword":false},"frontEndScore":false,"postName":"sportliches","permalinkFormat":"https:\/\/ferienwohnung-weimarerland.de\/fr\/%pagename%\/","showLockModifiedDate":true,"assessor":{"focusKeywordLink":"https:\/\/ferienwohnung-weimarerland.de\/wp-admin\/edit.php?focus_keyword=%focus_keyword%&post_type=%post_type%","hasTOCPlugin":true,"primaryTaxonomy":false,"serpData":{"title":"","description":"","focusKeywords":"Sport","pillarContent":false,"canonicalUrl":"","breadcrumbTitle":"","advancedRobots":[],"facebookTitle":"","facebookDescription":"","facebookImage":"","facebookImageID":"","facebookHasOverlay":false,"facebookImageOverlay":"","facebookAuthor":"","twitterCardType":"","twitterUseFacebook":true,"twitterTitle":"","twitterDescription":"","twitterImage":"","twitterImageID":"","twitterHasOverlay":false,"twitterImageOverlay":"","twitterPlayerUrl":"","twitterPlayerSize":"","twitterPlayerStream":"","twitterPlayerStreamCtype":"","twitterAppDescription":"","twitterAppIphoneName":"","twitterAppIphoneID":"","twitterAppIphoneUrl":"","twitterAppIpadName":"","twitterAppIpadID":"","twitterAppIpadUrl":"","twitterAppGoogleplayName":"","twitterAppGoogleplayID":"","twitterAppGoogleplayUrl":"","twitterAppCountry":"","robots":{"index":true},"twitterAuthor":"username","primaryTerm":0,"authorName":"info@shop-rocket.at","titleTemplate":"%title% %sep% %sitename%","descriptionTemplate":"%excerpt%","showScoreFrontend":true,"lockModifiedDate":false},"powerWords":["absolument","amazement","astonishing","authentique","beau","bien-\u00eatre","brillant","captivant","charismatique","choc","clair","compl\u00e8tement","confidentiel","confiance","cons\u00e9quent","cr\u00e9atif","d\u00e9finitivement","d\u00e9licieux","d\u00e9montrer","d\u00e9p\u00eachez-vous","d\u00e9termin\u00e9","digne","dynamique","\u00e9blouissant","\u00e9clatant","\u00e9conomique","\u00e9fficace","\u00e9l\u00e9gant","\u00e9motionnel","\u00e9nergique","\u00e9norme","\u00e9poustouflant","essentiel","\u00e9tonnant","exclusif","exp\u00e9rience","fabuleux","fantastique","formidable","fort","garanti","g\u00e9ant","g\u00e9n\u00e9reux","grandiose","gratuit","habile","harmonieux","historique","hors pair","important","incroyable","indispensable","inoubliable","inspirant","innovant","intense","invention","irr\u00e9sistible","l\u00e9gendaire","lumineux","luxe","magique","magnifique","majestueux","marquant","merveilleux","miraculeux","motivant","n\u00e9cessaire","nouvelle","officiel","parfait","passionn\u00e9","persuasif","ph\u00e9nom\u00e9nal","plaisir","populaire","pouvoir","prestigieux","prodigieux","profond","prosp\u00e8re","puissant","qualit\u00e9","radieux","rapide","r\u00e9ussi","r\u00e9volutionnaire","satisfait","s\u00e9curit\u00e9","sensationnel","serein","somptueux","splendide","sublime","surprenant","talentueux","terrifiant","unique","valeur","vibrant","victorieux","vif","vraiment","z\u00e9l\u00e9"],"diacritics":{"A":"[\\u0041\\u24B6\\uFF21\\u00C0\\u00C1\\u00C2\\u1EA6\\u1EA4\\u1EAA\\u1EA8\\u00C3\\u0100\\u0102\\u1EB0\\u1EAE\\u1EB4\\u1EB2\\u0226\\u01E0\\u00C4\\u01DE\\u1EA2\\u00C5\\u01FA\\u01CD\\u0200\\u0202\\u1EA0\\u1EAC\\u1EB6\\u1E00\\u0104\\u023A\\u2C6F]","AA":"[\\uA732]","AE":"[\\u00C6\\u01FC\\u01E2]","AO":"[\\uA734]","AU":"[\\uA736]","AV":"[\\uA738\\uA73A]","AY":"[\\uA73C]","B":"[\\u0042\\u24B7\\uFF22\\u1E02\\u1E04\\u1E06\\u0243\\u0182\\u0181]","C":"[\\u0043\\u24B8\\uFF23\\u0106\\u0108\\u010A\\u010C\\u00C7\\u1E08\\u0187\\u023B\\uA73E]","D":"[\\u0044\\u24B9\\uFF24\\u1E0A\\u010E\\u1E0C\\u1E10\\u1E12\\u1E0E\\u0110\\u018B\\u018A\\u0189\\uA779]","DZ":"[\\u01F1\\u01C4]","Dz":"[\\u01F2\\u01C5]","E":"[\\u0045\\u24BA\\uFF25\\u00C8\\u00C9\\u00CA\\u1EC0\\u1EBE\\u1EC4\\u1EC2\\u1EBC\\u0112\\u1E14\\u1E16\\u0114\\u0116\\u00CB\\u1EBA\\u011A\\u0204\\u0206\\u1EB8\\u1EC6\\u0228\\u1E1C\\u0118\\u1E18\\u1E1A\\u0190\\u018E]","F":"[\\u0046\\u24BB\\uFF26\\u1E1E\\u0191\\uA77B]","G":"[\\u0047\\u24BC\\uFF27\\u01F4\\u011C\\u1E20\\u011E\\u0120\\u01E6\\u0122\\u01E4\\u0193\\uA7A0\\uA77D\\uA77E]","H":"[\\u0048\\u24BD\\uFF28\\u0124\\u1E22\\u1E26\\u021E\\u1E24\\u1E28\\u1E2A\\u0126\\u2C67\\u2C75\\uA78D]","I":"[\\u0049\\u24BE\\uFF29\\u00CC\\u00CD\\u00CE\\u0128\\u012A\\u012C\\u0130\\u00CF\\u1E2E\\u1EC8\\u01CF\\u0208\\u020A\\u1ECA\\u012E\\u1E2C\\u0197]","J":"[\\u004A\\u24BF\\uFF2A\\u0134\\u0248]","K":"[\\u004B\\u24C0\\uFF2B\\u1E30\\u01E8\\u1E32\\u0136\\u1E34\\u0198\\u2C69\\uA740\\uA742\\uA744\\uA7A2]","L":"[\\u004C\\u24C1\\uFF2C\\u013F\\u0139\\u013D\\u1E36\\u1E38\\u013B\\u1E3C\\u1E3A\\u0141\\u023D\\u2C62\\u2C60\\uA748\\uA746\\uA780]","LJ":"[\\u01C7]","Lj":"[\\u01C8]","M":"[\\u004D\\u24C2\\uFF2D\\u1E3E\\u1E40\\u1E42\\u2C6E\\u019C]","N":"[\\u004E\\u24C3\\uFF2E\\u01F8\\u0143\\u00D1\\u1E44\\u0147\\u1E46\\u0145\\u1E4A\\u1E48\\u0220\\u019D\\uA790\\uA7A4]","NJ":"[\\u01CA]","Nj":"[\\u01CB]","O":"[\\u004F\\u24C4\\uFF2F\\u00D2\\u00D3\\u00D4\\u1ED2\\u1ED0\\u1ED6\\u1ED4\\u00D5\\u1E4C\\u022C\\u1E4E\\u014C\\u1E50\\u1E52\\u014E\\u022E\\u0230\\u00D6\\u022A\\u1ECE\\u0150\\u01D1\\u020C\\u020E\\u01A0\\u1EDC\\u1EDA\\u1EE0\\u1EDE\\u1EE2\\u1ECC\\u1ED8\\u01EA\\u01EC\\u00D8\\u01FE\\u0186\\u019F\\uA74A\\uA74C]","OI":"[\\u01A2]","OO":"[\\uA74E]","OU":"[\\u0222]","P":"[\\u0050\\u24C5\\uFF30\\u1E54\\u1E56\\u01A4\\u2C63\\uA750\\uA752\\uA754]","Q":"[\\u0051\\u24C6\\uFF31\\uA756\\uA758\\u024A]","R":"[\\u0052\\u24C7\\uFF32\\u0154\\u1E58\\u0158\\u0210\\u0212\\u1E5A\\u1E5C\\u0156\\u1E5E\\u024C\\u2C64\\uA75A\\uA7A6\\uA782]","S":"[\\u0053\\u24C8\\uFF33\\u1E9E\\u015A\\u1E64\\u015C\\u1E60\\u0160\\u1E66\\u1E62\\u1E68\\u0218\\u015E\\u2C7E\\uA7A8\\uA784]","T":"[\\u0054\\u24C9\\uFF34\\u1E6A\\u0164\\u1E6C\\u021A\\u0162\\u1E70\\u1E6E\\u0166\\u01AC\\u01AE\\u023E\\uA786]","TZ":"[\\uA728]","U":"[\\u0055\\u24CA\\uFF35\\u00D9\\u00DA\\u00DB\\u0168\\u1E78\\u016A\\u1E7A\\u016C\\u00DC\\u01DB\\u01D7\\u01D5\\u01D9\\u1EE6\\u016E\\u0170\\u01D3\\u0214\\u0216\\u01AF\\u1EEA\\u1EE8\\u1EEE\\u1EEC\\u1EF0\\u1EE4\\u1E72\\u0172\\u1E76\\u1E74\\u0244]","V":"[\\u0056\\u24CB\\uFF36\\u1E7C\\u1E7E\\u01B2\\uA75E\\u0245]","VY":"[\\uA760]","W":"[\\u0057\\u24CC\\uFF37\\u1E80\\u1E82\\u0174\\u1E86\\u1E84\\u1E88\\u2C72]","X":"[\\u0058\\u24CD\\uFF38\\u1E8A\\u1E8C]","Y":"[\\u0059\\u24CE\\uFF39\\u1EF2\\u00DD\\u0176\\u1EF8\\u0232\\u1E8E\\u0178\\u1EF6\\u1EF4\\u01B3\\u024E\\u1EFE]","Z":"[\\u005A\\u24CF\\uFF3A\\u0179\\u1E90\\u017B\\u017D\\u1E92\\u1E94\\u01B5\\u0224\\u2C7F\\u2C6B\\uA762]","a":"[\\u0061\\u24D0\\uFF41\\u1E9A\\u00E0\\u00E1\\u00E2\\u1EA7\\u1EA5\\u1EAB\\u1EA9\\u00E3\\u0101\\u0103\\u1EB1\\u1EAF\\u1EB5\\u1EB3\\u0227\\u01E1\\u00E4\\u01DF\\u1EA3\\u00E5\\u01FB\\u01CE\\u0201\\u0203\\u1EA1\\u1EAD\\u1EB7\\u1E01\\u0105\\u2C65\\u0250]","aa":"[\\uA733]","ae":"[\\u00E6\\u01FD\\u01E3]","ao":"[\\uA735]","au":"[\\uA737]","av":"[\\uA739\\uA73B]","ay":"[\\uA73D]","b":"[\\u0062\\u24D1\\uFF42\\u1E03\\u1E05\\u1E07\\u0180\\u0183\\u0253]","c":"[\\u0063\\u24D2\\uFF43\\u0107\\u0109\\u010B\\u010D\\u00E7\\u1E09\\u0188\\u023C\\uA73F\\u2184]","d":"[\\u0064\\u24D3\\uFF44\\u1E0B\\u010F\\u1E0D\\u1E11\\u1E13\\u1E0F\\u0111\\u018C\\u0256\\u0257\\uA77A]","dz":"[\\u01F3\\u01C6]","e":"[\\u0065\\u24D4\\uFF45\\u00E8\\u00E9\\u00EA\\u1EC1\\u1EBF\\u1EC5\\u1EC3\\u1EBD\\u0113\\u1E15\\u1E17\\u0115\\u0117\\u00EB\\u1EBB\\u011B\\u0205\\u0207\\u1EB9\\u1EC7\\u0229\\u1E1D\\u0119\\u1E19\\u1E1B\\u0247\\u025B\\u01DD]","f":"[\\u0066\\u24D5\\uFF46\\u1E1F\\u0192\\uA77C]","g":"[\\u0067\\u24D6\\uFF47\\u01F5\\u011D\\u1E21\\u011F\\u0121\\u01E7\\u0123\\u01E5\\u0260\\uA7A1\\u1D79\\uA77F]","h":"[\\u0068\\u24D7\\uFF48\\u0125\\u1E23\\u1E27\\u021F\\u1E25\\u1E29\\u1E2B\\u1E96\\u0127\\u2C68\\u2C76\\u0265]","hv":"[\\u0195]","i":"[\\u0069\\u24D8\\uFF49\\u00EC\\u00ED\\u00EE\\u0129\\u012B\\u012D\\u00EF\\u1E2F\\u1EC9\\u01D0\\u0209\\u020B\\u1ECB\\u012F\\u1E2D\\u0268\\u0131]","j":"[\\u006A\\u24D9\\uFF4A\\u0135\\u01F0\\u0249]","k":"[\\u006B\\u24DA\\uFF4B\\u1E31\\u01E9\\u1E33\\u0137\\u1E35\\u0199\\u2C6A\\uA741\\uA743\\uA745\\uA7A3]","l":"[\\u006C\\u24DB\\uFF4C\\u0140\\u013A\\u013E\\u1E37\\u1E39\\u013C\\u1E3D\\u1E3B\\u017F\\u0142\\u019A\\u026B\\u2C61\\uA749\\uA781\\uA747]","lj":"[\\u01C9]","m":"[\\u006D\\u24DC\\uFF4D\\u1E3F\\u1E41\\u1E43\\u0271\\u026F]","n":"[\\u006E\\u24DD\\uFF4E\\u01F9\\u0144\\u00F1\\u1E45\\u0148\\u1E47\\u0146\\u1E4B\\u1E49\\u019E\\u0272\\u0149\\uA791\\uA7A5]","nj":"[\\u01CC]","o":"[\\u006F\\u24DE\\uFF4F\\u00F2\\u00F3\\u00F4\\u1ED3\\u1ED1\\u1ED7\\u1ED5\\u00F5\\u1E4D\\u022D\\u1E4F\\u014D\\u1E51\\u1E53\\u014F\\u022F\\u0231\\u00F6\\u022B\\u1ECF\\u0151\\u01D2\\u020D\\u020F\\u01A1\\u1EDD\\u1EDB\\u1EE1\\u1EDF\\u1EE3\\u1ECD\\u1ED9\\u01EB\\u01ED\\u00F8\\u01FF\\u0254\\uA74B\\uA74D\\u0275]","oi":"[\\u01A3]","ou":"[\\u0223]","oo":"[\\uA74F]","p":"[\\u0070\\u24DF\\uFF50\\u1E55\\u1E57\\u01A5\\u1D7D\\uA751\\uA753\\uA755]","q":"[\\u0071\\u24E0\\uFF51\\u024B\\uA757\\uA759]","r":"[\\u0072\\u24E1\\uFF52\\u0155\\u1E59\\u0159\\u0211\\u0213\\u1E5B\\u1E5D\\u0157\\u1E5F\\u024D\\u027D\\uA75B\\uA7A7\\uA783]","s":"[\\u0073\\u24E2\\uFF53\\u015B\\u1E65\\u015D\\u1E61\\u0161\\u1E67\\u1E63\\u1E69\\u0219\\u015F\\u023F\\uA7A9\\uA785\\u1E9B]","ss":"[\\u00DF]","t":"[\\u0074\\u24E3\\uFF54\\u1E6B\\u1E97\\u0165\\u1E6D\\u021B\\u0163\\u1E71\\u1E6F\\u0167\\u01AD\\u0288\\u2C66\\uA787]","tz":"[\\uA729]","u":"[\\u0075\\u24E4\\uFF55\\u00F9\\u00FA\\u00FB\\u0169\\u1E79\\u016B\\u1E7B\\u016D\\u00FC\\u01DC\\u01D8\\u01D6\\u01DA\\u1EE7\\u016F\\u0171\\u01D4\\u0215\\u0217\\u01B0\\u1EEB\\u1EE9\\u1EEF\\u1EED\\u1EF1\\u1EE5\\u1E73\\u0173\\u1E77\\u1E75\\u0289]","v":"[\\u0076\\u24E5\\uFF56\\u1E7D\\u1E7F\\u028B\\uA75F\\u028C]","vy":"[\\uA761]","w":"[\\u0077\\u24E6\\uFF57\\u1E81\\u1E83\\u0175\\u1E87\\u1E85\\u1E98\\u1E89\\u2C73]","x":"[\\u0078\\u24E7\\uFF58\\u1E8B\\u1E8D]","y":"[\\u0079\\u24E8\\uFF59\\u1EF3\\u00FD\\u0177\\u1EF9\\u0233\\u1E8F\\u00FF\\u1EF7\\u1E99\\u1EF5\\u01B4\\u024F\\u1EFF]","z":"[\\u007A\\u24E9\\uFF5A\\u017A\\u1E91\\u017C\\u017E\\u1E93\\u1E95\\u01B6\\u0225\\u0240\\u2C6C\\uA763]"},"researchesTests":["contentHasTOC","contentHasShortParagraphs","contentHasAssets","keywordInTitle","keywordInMetaDescription","keywordInPermalink","keywordIn10Percent","keywordInContent","keywordInSubheadings","keywordInImageAlt","keywordDensity","keywordNotUsed","lengthContent","lengthPermalink","linksHasInternal","linksHasExternals","linksNotAllExternals","titleStartWithKeyword","titleSentiment","titleHasPowerWords","titleHasNumber","hasContentAI"],"hasRedirection":false,"hasBreadcrumb":true},"homeUrl":"https:\/\/ferienwohnung-weimarerland.de\/fr","objectID":30,"objectType":"post","locale":"fr","localeFull":"fr_FR","overlayImages":{"play":{"name":"Play icon","url":"https:\/\/ferienwohnung-weimarerland.de\/wp-content\/plugins\/seo-by-rank-math\/assets\/admin\/img\/icon-play.png","path":"\/var\/www\/web455\/html\/wp-content\/plugins\/seo-by-rank-math\/assets\/admin\/img\/icon-play.png","position":"middle_center"},"gif":{"name":"GIF icon","url":"https:\/\/ferienwohnung-weimarerland.de\/wp-content\/plugins\/seo-by-rank-math\/assets\/admin\/img\/icon-gif.png","path":"\/var\/www\/web455\/html\/wp-content\/plugins\/seo-by-rank-math\/assets\/admin\/img\/icon-gif.png","position":"middle_center"}},"defautOgImage":"https:\/\/ferienwohnung-weimarerland.de\/wp-content\/plugins\/seo-by-rank-math\/assets\/admin\/img\/social-placeholder.jpg","customPermalinks":true,"isUserRegistered":false,"autoSuggestKeywords":false,"connectSiteUrl":"https:\/\/rankmath.com\/auth?site=https%3A%2F%2Fferienwohnung-weimarerland.de%2Ffr&r=https%3A%2F%2Fferienwohnung-weimarerland.de%2Ffr%2Fwp-json%2Fwp%2Fv2%2Fpages%2F30%3Fnonce%3Dffa5d93e32","maxTags":5,"trendsIcon":"<svg viewBox=\"0 0 610 610\"><path d=\"M18.85,446,174.32,290.48l58.08,58.08L76.93,504a14.54,14.54,0,0,1-20.55,0L18.83,466.48a14.54,14.54,0,0,1,0-20.55Z\" style=\"fill:#4285f4\"\/><path d=\"M242.65,242.66,377.59,377.6l-47.75,47.75a14.54,14.54,0,0,1-20.55,0L174.37,290.43l47.75-47.75A14.52,14.52,0,0,1,242.65,242.66Z\" style=\"fill:#ea4335\"\/><polygon points=\"319.53 319.53 479.26 159.8 537.34 217.88 377.61 377.62 319.53 319.53\" style=\"fill:#fabb05\"\/><path d=\"M594.26,262.73V118.61h0a16.94,16.94,0,0,0-16.94-16.94H433.2a16.94,16.94,0,0,0-12,28.92L565.34,274.71h0a16.94,16.94,0,0,0,28.92-12Z\" style=\"fill:#34a853\"\/><rect width=\"610\" height=\"610\" style=\"fill:none\"\/><\/svg>","showScore":true,"siteFavIcon":"https:\/\/ferienwohnung-weimarerland.de\/wp-content\/uploads\/2024\/06\/cropped-logo-ferienwohnungen-32x32.png","canUser":{"general":false,"advanced":false,"snippet":false,"social":false,"analysis":false,"analytics":false,"content_ai":false},"showKeywordIntent":true,"isPro":false,"is_front_page":false,"trendsUpgradeLink":"https:\/\/rankmath.com\/pricing\/?utm_source=Plugin&utm_medium=CE%20General%20Tab%20Trends&utm_campaign=WP","trendsUpgradeLabel":"Upgrade","trendsPreviewImage":"https:\/\/ferienwohnung-weimarerland.de\/wp-content\/plugins\/seo-by-rank-math\/assets\/admin\/img\/trends-preview.jpg","currentEditor":false,"homepageData":{"assessor":{"powerWords":["absolument","amazement","astonishing","authentique","beau","bien-\u00eatre","brillant","captivant","charismatique","choc","clair","compl\u00e8tement","confidentiel","confiance","cons\u00e9quent","cr\u00e9atif","d\u00e9finitivement","d\u00e9licieux","d\u00e9montrer","d\u00e9p\u00eachez-vous","d\u00e9termin\u00e9","digne","dynamique","\u00e9blouissant","\u00e9clatant","\u00e9conomique","\u00e9fficace","\u00e9l\u00e9gant","\u00e9motionnel","\u00e9nergique","\u00e9norme","\u00e9poustouflant","essentiel","\u00e9tonnant","exclusif","exp\u00e9rience","fabuleux","fantastique","formidable","fort","garanti","g\u00e9ant","g\u00e9n\u00e9reux","grandiose","gratuit","habile","harmonieux","historique","hors pair","important","incroyable","indispensable","inoubliable","inspirant","innovant","intense","invention","irr\u00e9sistible","l\u00e9gendaire","lumineux","luxe","magique","magnifique","majestueux","marquant","merveilleux","miraculeux","motivant","n\u00e9cessaire","nouvelle","officiel","parfait","passionn\u00e9","persuasif","ph\u00e9nom\u00e9nal","plaisir","populaire","pouvoir","prestigieux","prodigieux","profond","prosp\u00e8re","puissant","qualit\u00e9","radieux","rapide","r\u00e9ussi","r\u00e9volutionnaire","satisfait","s\u00e9curit\u00e9","sensationnel","serein","somptueux","splendide","sublime","surprenant","talentueux","terrifiant","unique","valeur","vibrant","victorieux","vif","vraiment","z\u00e9l\u00e9"],"diacritics":true,"researchesTests":["contentHasTOC","contentHasShortParagraphs","contentHasAssets","keywordInTitle","keywordInMetaDescription","keywordInPermalink","keywordIn10Percent","keywordInContent","keywordInSubheadings","keywordInImageAlt","keywordDensity","keywordNotUsed","lengthContent","lengthPermalink","linksHasInternal","linksHasExternals","linksNotAllExternals","titleStartWithKeyword","titleSentiment","titleHasPowerWords","titleHasNumber","hasContentAI"],"hasBreadcrumb":true,"serpData":{"title":"%sitename% %page% %sep% %sitedesc%","description":"","titleTemplate":"%sitename% %page% %sep% %sitedesc%","descriptionTemplate":"","focusKeywords":"","breadcrumbTitle":"Home","robots":{"index":true},"advancedRobots":[],"facebookTitle":"","facebookDescription":"","facebookImage":"","facebookImageID":""}}},"tocTitle":"Table of Contents","tocExcludeHeadings":[],"listStyle":"ul"},"_links":{"self":[{"href":"https:\/\/ferienwohnung-weimarerland.de\/fr\/wp-json\/wp\/v2\/pages\/30","targetHints":{"allow":["GET"]}}],"collection":[{"href":"https:\/\/ferienwohnung-weimarerland.de\/fr\/wp-json\/wp\/v2\/pages"}],"about":[{"href":"https:\/\/ferienwohnung-weimarerland.de\/fr\/wp-json\/wp\/v2\/types\/page"}],"author":[{"embeddable":true,"href":"https:\/\/ferienwohnung-weimarerland.de\/fr\/wp-json\/wp\/v2\/users\/1"}],"replies":[{"embeddable":true,"href":"https:\/\/ferienwohnung-weimarerland.de\/fr\/wp-json\/wp\/v2\/comments?post=30"}],"version-history":[{"count":0,"href":"https:\/\/ferienwohnung-weimarerland.de\/fr\/wp-json\/wp\/v2\/pages\/30\/revisions"}],"up":[{"embeddable":true,"href":"https:\/\/ferienwohnung-weimarerland.de\/fr\/wp-json\/wp\/v2\/pages\/24"}],"wp:attachment":[{"href":"https:\/\/ferienwohnung-weimarerland.de\/fr\/wp-json\/wp\/v2\/media?parent=30"}],"curies":[{"name":"wp","href":"https:\/\/api.w.org\/{rel}","templated":true}]}}